{"id":1059,"date":"2022-10-18T18:03:21","date_gmt":"2022-10-18T18:03:21","guid":{"rendered":"https:\/\/batcat.hu\/?page_id=1059"},"modified":"2022-10-20T14:03:30","modified_gmt":"2022-10-20T14:03:30","slug":"aszf","status":"publish","type":"page","link":"https:\/\/batcat.hu\/?page_id=1059","title":{"rendered":"\u00c1SZF"},"content":{"rendered":"<p>\u00c1LTAL\u00c1NOS SZERZ\u0150D\u00c9SI FELT\u00c9TELEK (\u00c1SZF)<br \/>\nhttps:\/\/batcat.hu\/ hat\u00e1lyos ett\u0151l a napt\u00f3l: 2022.09.01<\/p>\n<p><a href=\"https:\/\/batcat.hu\/wp-content\/uploads\/2022\/10\/aszf-batcat.pdf\">Let\u00f6lt\u00e9s<\/a><\/p>\n<p>K\u00e9rj\u00fck, hogy megrendel\u00e9se v\u00e9gleges\u00edt\u00e9se el\u0151tt figyelmesen olvassa el a jelen dokumentumot, mert megrendel\u00e9se v\u00e9gleges\u00edt\u00e9s\u00e9vel \u00d6n elfogadja a jelen \u00c1SZF tartalm\u00e1t!<br \/>\nAz \u00c1ltal\u00e1nos Szolg\u00e1ltat\u00e1si Felt\u00e9telek (\u201e\u00c1SZF\u201d) tartalmazz\u00e1k a Sh\u00e1m\u00e1n S\u00f6r Korl\u00e1tolt Felel\u0151ss\u00e9g\u0171 T\u00e1rsas\u00e1g c\u00e9g (sz\u00e9khely: 4400 Ny\u00edregyh\u00e1za, \u00c1rv\u00e1cska u. 5., ad\u00f3sz\u00e1m: 28787114-2-15, r\u00f6vid n\u00e9v: Sh\u00e1m\u00e1n S\u00f6r Kft.), mint szolg\u00e1ltat\u00f3 (\u201cSzolg\u00e1ltat\u00f3\u201d) \u00e1ltal \u00fczemeltetett web\u00e1ruh\u00e1z haszn\u00e1lat\u00e1ra vonatkoz\u00f3 \u00e1ltal\u00e1nos szerz\u0151d\u00e9si felt\u00e9teleket. K\u00e9rj\u00fck, hogy csak akkor vegye ig\u00e9nybe szolg\u00e1ltat\u00e1sainkat, amennyiben minden pontj\u00e1val egyet\u00e9rt, \u00e9s k\u00f6telez\u0151 \u00e9rv\u00e9ny\u0171nek tekinti mag\u00e1ra n\u00e9zve. Jelen dokumentum nem ker\u00fcl iktat\u00e1sra, kiz\u00e1r\u00f3lag elektronikus form\u00e1ban ker\u00fcl megk\u00f6t\u00e9sre (nem min\u0151s\u00fcl \u00edr\u00e1sba foglalt szerz\u0151d\u00e9snek), magatart\u00e1si k\u00f3dexre nem utal.<br \/>\n1. Impresszum &#8211; \u00dczemeltet\u0151i adatok:<br \/>\nN\u00e9v: Sh\u00e1m\u00e1n S\u00f6r Kft.<br \/>\nSz\u00e9khely: 4400 Ny\u00edregyh\u00e1za, \u00c1rv\u00e1cska u. 5.<br \/>\nLevelez\u00e9si c\u00edm: 4400 Ny\u00edregyh\u00e1za, \u00c1rv\u00e1cska u. 5.<br \/>\nNyilv\u00e1ntart\u00e1sba vev\u0151 hat\u00f3s\u00e1g: Ny\u00edregyh\u00e1zi T\u00f6rv\u00e9nysz\u00e9k C\u00e9gb\u00edr\u00f3s\u00e1ga<br \/>\nC\u00e9gjegyz\u00e9ksz\u00e1m: 15 09 087791<br \/>\nAd\u00f3sz\u00e1m: 28787114-2-15<br \/>\nK\u00e9pvisel\u0151: Batta Zsanett<br \/>\nTelefonsz\u00e1m: +36 30 647 2074<br \/>\nE-mail: shamansorkft@gmail.com<br \/>\nHonlap: https:\/\/www.batcat.hu\/<br \/>\nT\u00e1rhelyszolg\u00e1ltat\u00f3 adatai:<br \/>\nN\u00e9v: Sh\u00e1m\u00e1n S\u00f6r Kft.<br \/>\nSz\u00e9khely: 4400 Ny\u00edregyh\u00e1za, \u00c1rv\u00e1cska u. 5.<br \/>\nEl\u00e9rhet\u0151s\u00e9g: +36 30 647 2074<br \/>\nN\u00e9v: Batta Istv\u00e1n<br \/>\nAd\u00f3sz\u00e1m: 28787114-2-15<\/p>\n<p>Szolg\u00e1ltat\u00f3 banksz\u00e1mla adatai:<br \/>\nSz\u00e1mlavezet\u0151 p\u00e9nzint\u00e9zet: Erste Bank Zrt. (1138 Budapest, N\u00e9pf\u00fcrd\u0151 utca 24-26.; 01 10 041054)<br \/>\nP\u00e9nzforgalmi jelz\u0151sz\u00e1m: 11600006-00000000-94251568<br \/>\nIBAN: HU68 1160 0006 0000 0000 9425 1568<br \/>\nSWIFT k\u00f3d: GIBAHUHBXXX<\/p>\n<p>Szolg\u00e1ltat\u00f3 kereskedelmi tev\u00e9kenys\u00e9g\u00e9t nyilv\u00e1ntart\u00e1sba vette:<br \/>\nNy\u00edregyh\u00e1za Megyei Jog\u00fa V\u00e1ros Polg\u00e1rmester Hivatala, Hat\u00f3s\u00e1gi F\u0151oszt\u00e1ly, Igazgat\u00e1si Oszt\u00e1ly<br \/>\nKamarai regisztr\u00e1ci\u00f3s sz\u00e1m:<br \/>\nB-18.545\/2022<\/p>\n<p>\u00dcGYF\u00c9LSZOLG\u00c1LAT<br \/>\nFelhaszn\u00e1l\u00f3k az al\u00e1bbi el\u00e9rhet\u0151s\u00e9geken fordulhatnak Szolg\u00e1ltat\u00f3 \u00fcgyf\u00e9lszolg\u00e1lat\u00e1hoz:<br \/>\nTelefonon: +36 30 647 2074 \u2013 a h\u00edv\u00e1s nem emelt d\u00edjas!<br \/>\nEl\u00e9rhet\u0151 h\u00e9tf\u0151t\u0151l p\u00e9ntekig 09.00 \u00f3r\u00e1t\u00f3l 16.00 \u00f3r\u00e1ig.<br \/>\nE-mail c\u00edm: shamansorkft@gmail.com<br \/>\n\u00dczenet: a webhely \u201eKapcsolat\u201d men\u00fcpontja alatt el\u00e9rhet\u0151 \u00fczenetk\u00fcld\u00e9si lehet\u0151s\u00e9g.<br \/>\nAz ilyen \u00faton \u00e9rkez\u0151 e-mail-ekre a Szolg\u00e1ltat\u00f3 az \u00e9rkez\u00e9st\u0151l sz\u00e1m\u00edtott 2 munkanapon bel\u00fcl t\u00f6rekszik v\u00e1laszolni.<\/p>\n<p>A web\u00e1ruh\u00e1zban kiz\u00e1r\u00f3lag 18. \u00e9let\u00e9v\u00fcket bet\u00f6lt\u00f6tt, nagykor\u00fa szem\u00e9lyek adhatnak le megrendel\u00e9st!<\/p>\n<p>2. Alapvet\u0151 rendelkez\u00e9sek:<br \/>\n2.1. Hivatkoz\u00e1s a jogszab\u00e1lyokra:<br \/>\nA fent meghat\u00e1rozott internetc\u00edmen el\u00e9rhet\u0151 webhelyet (a tov\u00e1bbiakban: webhely) \u00fczemeltet\u0151 Szolg\u00e1ltat\u00f3 Magyarorsz\u00e1gr\u00f3l ny\u00fajtja szolg\u00e1ltat\u00e1s\u00e1t, a szolg\u00e1ltat\u00e1s Magyarorsz\u00e1gra ir\u00e1nyul. A szolg\u00e1ltat\u00e1s ny\u00fajt\u00e1s\u00e1ra, Szolg\u00e1ltat\u00f3ra, valamint a Felhaszn\u00e1l\u00f3kra e szerz\u0151d\u00e9s keretein bel\u00fcl a magyar jog alkalmazand\u00f3, k\u00fcl\u00f6n\u00f6s tekintettel<br \/>\nAZ EUR\u00d3PAI PARLAMENT \u00c9S A TAN\u00c1CS (EU) 2018\/302 RENDELETE (2018. febru\u00e1r 28.) a bels\u0151 piacon bel\u00fcl a vev\u0151 \u00e1llampolg\u00e1rs\u00e1ga, lak\u00f3helye vagy leteleped\u00e9si helye alapj\u00e1n t\u00f6rt\u00e9n\u0151 indokolatlan ter\u00fcleti alap\u00fa tartalomkorl\u00e1toz\u00e1ssal \u00e9s a megk\u00fcl\u00f6nb\u00f6ztet\u00e9s egy\u00e9b form\u00e1ival szembeni fell\u00e9p\u00e9sr\u0151l, valamint a 2006\/2004\/EK \u00e9s az (EU) 2017\/2394 rendelet, tov\u00e1bb\u00e1 a 2009\/22\/EK ir\u00e1nyelv m\u00f3dos\u00edt\u00e1s\u00e1r\u00f3l,<br \/>\nPolg\u00e1ri T\u00f6rv\u00e9nyk\u00f6nyvr\u0151l sz\u00f3l\u00f3 2013. \u00e9vi V. t\u00f6rv\u00e9nyre (a tov\u00e1bbiakban: Ptk.),<br \/>\na kereskedelemr\u0151l sz\u00f3l\u00f3 2005. \u00e9vi CLXIV. t\u00f6rv\u00e9nyre,<br \/>\na fogyaszt\u00f3v\u00e9delemr\u0151l sz\u00f3l\u00f3 1997. \u00e9vi CLV. t\u00f6rv\u00e9nyre,<br \/>\na fogyaszt\u00f3 \u00e9s a v\u00e1llalkoz\u00e1s k\u00f6z\u00f6tti szerz\u0151d\u00e9sek r\u00e9szletes szab\u00e1lyair\u00f3l sz\u00f3l\u00f3 45\/2014. (II. 26.) Korm. rendeletre,<br \/>\naz elektronikus kereskedelmi szolg\u00e1ltat\u00e1sok, valamint az inform\u00e1ci\u00f3s t\u00e1rsadalommal \u00f6sszef\u00fcgg\u0151 szolg\u00e1ltat\u00e1sok egyes k\u00e9rd\u00e9seir\u0151l sz\u00f3l\u00f3 2001. \u00e9vi CVIII. t\u00f6rv\u00e9nyre,<br \/>\na fogyaszt\u00f3 \u00e9s v\u00e1llalkoz\u00e1s k\u00f6z\u00f6tti szerz\u0151d\u00e9s keret\u00e9ben eladott dolgokra vonatkoz\u00f3 szavatoss\u00e1gi \u00e9s j\u00f3t\u00e1ll\u00e1si ig\u00e9nyek int\u00e9z\u00e9s\u00e9nek elj\u00e1r\u00e1si szab\u00e1lyair\u00f3l sz\u00f3l\u00f3 19\/2014. (IV. 29.) NGM rendeletre,<br \/>\n\u00e9s a gazdas\u00e1gi rekl\u00e1mtev\u00e9kenys\u00e9g alapvet\u0151 felt\u00e9teleir\u0151l \u00e9s egyes korl\u00e1tair\u00f3l sz\u00f3l\u00f3 2008. \u00e9vi XLVIII. t\u00f6rv\u00e9nyre.<\/p>\n<p>Jelen \u00e1ltal\u00e1nos szerz\u0151d\u00e9si \u00e9s felhaszn\u00e1l\u00f3i felt\u00e9telekben (a tov\u00e1bbiakban: szerz\u0151d\u00e9si felt\u00e9telek vagy \u00c1SZF) eml\u00edtett id\u0151pontok, id\u0151intervallum megjel\u00f6l\u00e9sek a k\u00f6z\u00e9p eur\u00f3pai id\u0151 szerint \u00e9rtend\u0151k.<br \/>\nA jelen szerz\u0151d\u00e9si felt\u00e9telekben eml\u00edtett munkanapok, munkasz\u00fcneti- \u00e9s \u00fcnnepnapok alatt a magyar munkanapokat, munkasz\u00fcneti- \u00e9s \u00fcnnepnapokat kell \u00e9rteni.<\/p>\n<p>2.2. A szab\u00e1lyzat m\u00f3dos\u00edthat\u00f3s\u00e1ga.<br \/>\n2.3. Szolg\u00e1ltat\u00f3 fenntart mag\u00e1nak minden jogot a weboldal, annak b\u00e1rmely r\u00e9szlete \u00e9s az azon megjelen\u0151 tartalmak, valamint a weboldal terjeszt\u00e9s\u00e9nek tekintet\u00e9ben. Tilos a weboldalon megjelen\u0151 tartalmak vagy azok b\u00e1rmely r\u00e9szlet\u00e9nek let\u00f6lt\u00e9se, elektronikus t\u00e1rol\u00e1sa, feldolgoz\u00e1sa \u00e9s \u00e9rt\u00e9kes\u00edt\u00e9se a Szolg\u00e1ltat\u00f3 \u00edr\u00e1sos hozz\u00e1j\u00e1rul\u00e1sa n\u00e9lk\u00fcl.<br \/>\n2.4. \u00c1SZF hat\u00e1lya, elfogad\u00e1sa: A k\u00f6z\u00f6tt\u00fcnk l\u00e9trej\u00f6v\u0151 szerz\u0151d\u00e9s tartalm\u00e1t \u2013 a vonatkoz\u00f3 k\u00f6telez\u0151 \u00e9rv\u00e9ny\u0171 jogszab\u00e1lyok rendelkez\u00e9sei mellett \u2013 a jelen \u00c1ltal\u00e1nos Szerz\u0151d\u00e9si Felt\u00e9telek (a tov\u00e1bbiakban: \u00c1SZF) hat\u00e1rozz\u00e1k meg. Ennek megfelel\u0151en tartalmazza a jelen \u00c1SZF az \u00d6nt \u00e9s benn\u00fcnket illet\u0151 jogokat \u00e9s k\u00f6telezetts\u00e9geket, a szerz\u0151d\u00e9s l\u00e9trej\u00f6tt\u00e9nek felt\u00e9teleit, a teljes\u00edt\u00e9si hat\u00e1rid\u0151ket, a sz\u00e1ll\u00edt\u00e1si \u00e9s fizet\u00e9si felt\u00e9teleket, a felel\u0151ss\u00e9gi szab\u00e1lyokat, valamint az el\u00e1ll\u00e1si jog gyakorl\u00e1s\u00e1nak felt\u00e9teleit.<br \/>\nA Honlap haszn\u00e1lat\u00e1hoz sz\u00fcks\u00e9ges azon technikai t\u00e1j\u00e9koztat\u00e1st, melyet jelen \u00c1SZF nem tartalmaz, a Honlapon el\u00e9rhet\u0151 egy\u00e9b t\u00e1j\u00e9koztat\u00e1sok ny\u00fajtj\u00e1k.<br \/>\n\u00d6n a megrendel\u00e9se v\u00e9gleges\u00edt\u00e9se el\u0151tt k\u00f6teles megismerni a jelen \u00c1SZF rendelkez\u00e9seit. A web\u00e1ruh\u00e1zunkon kereszt\u00fcl t\u00f6rt\u00e9n\u0151 v\u00e1s\u00e1rl\u00e1ssal \u00d6n elfogadja a jelen \u00c1SZF rendelkez\u00e9seit, \u00e9s az \u00c1SZF marad\u00e9ktalanul az \u00d6n \u00e9s az Szolg\u00e1ltat\u00f3 k\u00f6z\u00f6tt l\u00e9trej\u00f6v\u0151 szerz\u0151d\u00e9s r\u00e9sz\u00e9t k\u00e9pezi.<\/p>\n<p>2.5. \u00c1ltal\u00e1nos szerz\u0151d\u00e9si \u00e9s felhaszn\u00e1l\u00f3i felt\u00e9telek hat\u00e1lya \u00e9s alanyai<br \/>\nJelen szerz\u0151d\u00e9si felt\u00e9telek a webhelyen el\u00e9rhet\u0151 szolg\u00e1ltat\u00e1sokra, a webhely felhaszn\u00e1l\u00e1s\u00e1ra, a webhelyen m\u0171k\u00f6d\u0151 web\u00e1ruh\u00e1zban megrendelhet\u0151 term\u00e9kek ad\u00e1sv\u00e9tel\u00e9re vonatkoznak.<br \/>\nA szerz\u0151d\u00e9s felei:<br \/>\nA fent azonos\u00edtott Szolg\u00e1ltat\u00f3, mint a webhely \u00fczemeltet\u0151je \u00e9s a term\u00e9kek elad\u00f3ja.<br \/>\nFelhaszn\u00e1l\u00f3, mint a web\u00e1ruh\u00e1zb\u00f3l term\u00e9ket megrendel\u0151 v\u00e1s\u00e1rl\u00f3, valamint a webhely weboldalait megl\u00e1togat\u00f3 szem\u00e9ly. Felhaszn\u00e1l\u00f3 lehet minden jogk\u00e9pes term\u00e9szetes \u00e9s jogi szem\u00e9ly, illetve jogi szem\u00e9lyis\u00e9ggel nem rendelkez\u0151 gazd\u00e1lkod\u00f3 szervezet, ide\u00e9rtve a k\u00fclf\u00f6ldi jogalanyokat is, amennyiben az itt megfogalmazott szerz\u0151d\u00e9si felt\u00e9teleket elfogadja, \u00e9s mag\u00e1ra n\u00e9zve k\u00f6telez\u0151nek ismeri el. A jelen szerz\u0151d\u00e9si felt\u00e9telek keret\u00e9ben k\u00f6tend\u0151 szerz\u0151d\u00e9st cselekv\u0151k\u00e9ptelen szem\u00e9ly, vagy korl\u00e1tozottan cselekv\u0151k\u00e9pes szem\u00e9ly a Ptk. szab\u00e1lyai szerint k\u00f6theti meg.<br \/>\nA szerz\u0151d\u00e9si felt\u00e9telek a webhelyen t\u00f6rt\u00e9n\u0151 elhelyez\u00e9st\u0151l hat\u00e1lyos, \u00e9s hat\u00e1rozatlan id\u0151re sz\u00f3l.<br \/>\nA web\u00e1ruh\u00e1z nem k\u00f6t szerz\u0151d\u00e9st kiskor\u00faakkal, a Felhaszn\u00e1l\u00f3 a webhely megnyit\u00e1s\u00e1t k\u00f6vet\u0151en felugr\u00f3 ELM\u00daLTAM 18 \u00c9VES, \u201eIGEN\u201d gombra kattintva nyilatkozik arr\u00f3l, hogy nagykor\u00fa.<\/p>\n<p>2.6. A t\u00e1voll\u00e9v\u0151k k\u00f6z\u00f6tti, elektronikus \u00faton k\u00f6t\u00f6tt szerz\u0151d\u00e9sre vonatkoz\u00f3 \u00e1ltal\u00e1nos t\u00e1j\u00e9koztat\u00e1s<br \/>\nA web\u00e1ruh\u00e1zban megrendelhet\u0151 term\u00e9kek l\u00e9nyeges tulajdons\u00e1gair\u00f3l Felhaszn\u00e1l\u00f3 a megrendel\u00e9st megel\u0151z\u0151en a web\u00e1ruh\u00e1z term\u00e9kek tulajdons\u00e1gait le\u00edr\u00f3 oldalain t\u00e1j\u00e9koz\u00f3dhat.<br \/>\nA szerz\u0151d\u00e9sk\u00f6t\u00e9s nyelve magyar.<br \/>\nA webhelyen leadott megrendel\u00e9sek r\u00e1utal\u00f3 magatart\u00e1s form\u00e1j\u00e1ban tett jognyilatkozatnak min\u0151s\u00fclnek.<br \/>\nSzolg\u00e1ltat\u00f3 a megrendel\u00e9s meg\u00e9rkez\u00e9s\u00e9t elektronikus \u00faton k\u00e9sedelem n\u00e9lk\u00fcl k\u00f6teles visszaigazolni. Ha a visszaigazol\u00e1s nem \u00e9rkezik meg Felhaszn\u00e1l\u00f3hoz 48 \u00f3r\u00e1n bel\u00fcl, akkor Felhaszn\u00e1l\u00f3 mentes\u00fcl az aj\u00e1nlati k\u00f6t\u00f6tts\u00e9g al\u00f3l.<br \/>\nA megk\u00f6t\u00f6tt szerz\u0151d\u00e9s nem min\u0151s\u00fcl \u00edr\u00e1sbeli szerz\u0151d\u00e9snek, azt Szolg\u00e1ltat\u00f3 nem iktatja, \u00e9s a k\u00e9s\u0151bbiekben nem lesz \u00edr\u00e1sban hozz\u00e1f\u00e9rhet\u0151.<br \/>\nSzolg\u00e1ltat\u00f3 magatart\u00e1si k\u00f3dexnek nem vetette al\u00e1 mag\u00e1t, \u00edgy az nem \u00e1ll rendelkez\u00e9sre n\u00e1la.<br \/>\nFelhaszn\u00e1l\u00f3 a megrendel\u00e9s elk\u00fcld\u00e9se el\u0151tt a megrendel\u00e9s l\u00e9p\u00e9sei sor\u00e1n t\u00e1j\u00e9koztat\u00e1st kap az aktu\u00e1lis fuvaroz\u00e1si d\u00edjakr\u00f3l \u00e9s esetleges fuvaroz\u00e1si korl\u00e1toz\u00e1sokr\u00f3l, valamint a lehets\u00e9ges fizet\u00e9si m\u00f3dokr\u00f3l.<br \/>\nA szerz\u0151d\u00e9si felt\u00e9teleket \u00e9s a jogszer\u0171 t\u00e1j\u00e9koztat\u00e1shoz sz\u00fcks\u00e9ges dokumentumokat Felhaszn\u00e1l\u00f3 a megrendel\u00e9s sor\u00e1n a honlapon el\u00e9ri, melyet let\u00f6lthet \u00e9s\/vagy kinyomtathat.<\/p>\n<p>3. Megv\u00e1s\u00e1rolhat\u00f3 term\u00e9kek, szolg\u00e1ltat\u00e1sok k\u00f6re:<br \/>\nA honlapon a megv\u00e1s\u00e1rolhat\u00f3 term\u00e9kek l\u00e9nyeges tulajdons\u00e1gair\u00f3l az egyes term\u00e9kekn\u00e9l szerepl\u0151 le\u00edr\u00e1sokban adunk t\u00e1j\u00e9koztat\u00e1st.<br \/>\n3.1. Az adatbeviteli hib\u00e1k jav\u00edt\u00e1sa &#8211; felel\u0151ss\u00e9g a megadott adatok val\u00f3s\u00e1g\u00e1\u00e9rt<br \/>\n\u00d6nnek a megrendel\u00e9s sor\u00e1n a megrendel\u00e9s v\u00e9gleges\u00edt\u00e9se el\u0151tt folyamatosan lehet\u0151s\u00e9ge van az \u00d6n \u00e1ltal bevitt adatok m\u00f3dos\u00edt\u00e1s\u00e1ra (a b\u00f6ng\u00e9sz\u0151ben a vissza gombra kattintva az el\u0151z\u0151 oldal ny\u00edlik meg, \u00edgy akkor is jav\u00edthat\u00f3ak a bevitt adatok, ha \u00d6n m\u00e1r a k\u00f6vetkez\u0151 oldalra l\u00e9pett). Felh\u00edvjuk a figyelm\u00e9t, hogy az \u00d6n felel\u0151ss\u00e9ge, hogy az \u00d6n \u00e1ltal megadott adatok pontosan ker\u00fcljenek bevitelre, hiszen az \u00d6n \u00e1ltal megadott adatok alapj\u00e1n ker\u00fcl sz\u00e1ml\u00e1z\u00e1sra, illetve sz\u00e1ll\u00edt\u00e1sra a term\u00e9k. \u00d6n a megrendel\u00e9s\u00e9vel tudom\u00e1sul veszi, hogy az Szolg\u00e1ltat\u00f3 jogosult az \u00d6n hib\u00e1s adatbevitel\u00e9b\u0151l, a pontatlanul megadott adatokb\u00f3l ered\u0151 minden k\u00e1r\u00e1t \u00e9s k\u00f6lts\u00e9g\u00e9t \u00d6nre h\u00e1r\u00edtani. Az Szolg\u00e1ltat\u00f3 a pontatlan adatbevitel alapj\u00e1n t\u00f6rt\u00e9n\u0151 teljes\u00edt\u00e9s\u00e9rt felel\u0151ss\u00e9g\u00e9t kiz\u00e1rja. Felh\u00edvjuk a figyelm\u00e9t arra, hogy a rosszul megadott e-mail c\u00edm vagy a postafi\u00f3khoz tartoz\u00f3 t\u00e1rhely tel\u00edtetts\u00e9ge a visszaigazol\u00e1s k\u00e9zbes\u00edt\u00e9s\u00e9nek hi\u00e1ny\u00e1t eredm\u00e9nyezheti \u00e9s megg\u00e1tolhatja a szerz\u0151d\u00e9s l\u00e9trej\u00f6tt\u00e9t.<br \/>\n3.2. Elj\u00e1r\u00e1s hib\u00e1s \u00e1r eset\u00e9n<br \/>\nNyilv\u00e1nval\u00f3an hib\u00e1san felt\u00fcntetett \u00e1rnak min\u0151s\u00fcl:<br \/>\n\u2022 0 Ft-os \u00e1r,<br \/>\n\u2022 kedvezm\u00e9nnyel cs\u00f6kkentett, de a kedvezm\u00e9nyt t\u00e9vesen felt\u00fcntet\u0151 \u00e1r (pl.: 1000 Ft-os term\u00e9k eset\u00e9n a 50 %-os kedvezm\u00e9ny felt\u00fcntet\u00e9se mellett 100 Ft-\u00e9rt k\u00edn\u00e1lt term\u00e9k).<br \/>\nHib\u00e1s \u00e1r felt\u00fcntet\u00e9se eset\u00e9n Szolg\u00e1ltat\u00f3 felaj\u00e1nlja a term\u00e9k val\u00f3s \u00e1ron t\u00f6rt\u00e9n\u0151 megv\u00e1s\u00e1rl\u00e1s\u00e1nak lehet\u0151s\u00e9g\u00e9t, mely inform\u00e1ci\u00f3 birtok\u00e1ban a V\u00e1s\u00e1rl\u00f3 eld\u00f6ntheti, hogy megrendeli val\u00f3s \u00e1ron a term\u00e9ket vagy minden h\u00e1tr\u00e1nyos jogk\u00f6vetkezm\u00e9ny n\u00e9lk\u00fcl lemondja a megrendel\u00e9st.<\/p>\n<p>4. Regisztr\u00e1ci\u00f3\/V\u00e1s\u00e1rl\u00e1s<br \/>\n4.1. Regisztr\u00e1ci\u00f3<br \/>\nA honlapon jelenleg regisztr\u00e1ci\u00f3s lehet\u0151s\u00e9g nincs, ezt azonban a Szolg\u00e1ltat\u00f3 a k\u00e9s\u0151bbiekben lehet\u0151v\u00e9 teheti.<br \/>\n4.2. V\u00e1s\u00e1rl\u00e1s<br \/>\nA honlapon szerepl\u0151 term\u00e9kkateg\u00f3ri\u00e1kra kattintva v\u00e1laszthatja ki a k\u00edv\u00e1nt term\u00e9kcsal\u00e1dot, \u00e9s ezen bel\u00fcl az egyes term\u00e9keket. Az egyes term\u00e9kekre kattintva tal\u00e1lja a term\u00e9k fot\u00f3j\u00e1t, cikksz\u00e1m\u00e1t, ismertet\u0151j\u00e9t, \u00e1r\u00e1t. \u00d6nnek v\u00e1s\u00e1rl\u00e1s eset\u00e9n a honlapon szerepl\u0151 \u00e1rat kell megfizetnie. A term\u00e9keket illusztr\u00e1lt f\u00e9nyk\u00e9ppel jel\u00f6lt\u00fck. A f\u00e9nyk\u00e9peken l\u00e1that\u00f3 kieg\u00e9sz\u00edt\u0151k, dekor\u00e1ci\u00f3s elemek nem r\u00e9szei a term\u00e9knek, kiv\u00e9ve ha az a term\u00e9kle\u00edr\u00e1sban k\u00fcl\u00f6n kiemel\u00e9sre ker\u00fcl.<br \/>\nFelh\u00edvjuk figyelm\u00e9t, hogy az esetleges el\u00edr\u00e1sok\u00e9rt, t\u00e9ves adatok\u00e9rt felel\u0151ss\u00e9get nem v\u00e1llalunk!<br \/>\n5. A rendel\u00e9s menete<br \/>\nA Term\u00e9k kiv\u00e1laszt\u00e1sa ut\u00e1n \u00d6n a &#8220;Kos\u00e1rba&#8221; gombra kattintva helyezhet &#8211; tetsz\u0151leges sz\u00e1m\u00fa term\u00e9ket a kos\u00e1rba an\u00e9lk\u00fcl, hogy ezzel \u00d6nnek v\u00e1s\u00e1rl\u00e1si- vagy fizet\u00e9si k\u00f6telezetts\u00e9ge keletkezne, mivel a kos\u00e1rba helyez\u00e9s nem min\u0151s\u00fcl aj\u00e1nlatt\u00e9telnek.<br \/>\nA honlap haszn\u00e1lata sor\u00e1n \u00d6n a honlap tetej\u00e9n tal\u00e1lhat\u00f3 \u201eKos\u00e1r megtekint\u00e9se\u201d ikonra kattintva b\u00e1rmikor ellen\u0151rizheti a kos\u00e1r tartalm\u00e1t. Itt lehet\u0151s\u00e9ge van a kiv\u00e1lasztott term\u00e9keket elt\u00e1vol\u00edtani a kos\u00e1rb\u00f3l, illetve a term\u00e9k darabsz\u00e1m\u00e1t megv\u00e1ltoztatni. A rendszer a \u201eKos\u00e1r friss\u00edt\u00e9se\u201d gomb megnyom\u00e1s\u00e1t k\u00f6vet\u0151en megjelen\u00edti az \u00d6n \u00e1ltal megv\u00e1ltoztatott adatoknak megfelel\u0151 inform\u00e1ci\u00f3kat, ide\u00e9rtve a kos\u00e1rba tett term\u00e9kek \u00e1r\u00e1t is.<br \/>\nAmennyiben \u00d6n nem k\u00edv\u00e1n tov\u00e1bbi term\u00e9keket kiv\u00e1lasztani \u00e9s a kos\u00e1rba helyezni, \u00fagy a \u201eMegrendel\u00e9s\u201d gomb lenyom\u00e1s\u00e1val folytathatja a v\u00e1s\u00e1rl\u00e1st.<br \/>\n\u201eMegrendel\u00e9s\u201d gomb lenyom\u00e1s\u00e1t k\u00f6vet\u0151en megjelenik a kos\u00e1r tartalma, illetve az \u00d6n \u00e1ltal kiv\u00e1lasztott term\u00e9kek megv\u00e1s\u00e1rl\u00e1sa eset\u00e9n az \u00d6n \u00e1ltal fizetend\u0151 teljes v\u00e9tel\u00e1r. Ezek ut\u00e1n sz\u00fcks\u00e9ges a felhaszn\u00e1l\u00f3i adatokat kit\u00f6lteni (n\u00e9v, c\u00edm, email c\u00edm, sz\u00e1ll\u00edt\u00e1si m\u00f3d, fizet\u00e9si m\u00f3d, el\u00e9rhet\u0151s\u00e9gek).<br \/>\nA fenti sz\u00f6vegdobozok kit\u00f6lt\u00e9s\u00e9t k\u00f6vet\u0151en \u00d6n a \u201eFolytat\u00e1s a k\u00f6vetkez\u0151 l\u00e9p\u00e9ssel\u201d gombra kattintva folytathatja a megrendel\u00e9si folyamatot, illetve a \u201eM\u00e9gsem\u201d gombra kattintva t\u00f6r\u00f6lheti\/jav\u00edthatja az eddig bevitt adatokat, \u00e9s visszal\u00e9phet a Kos\u00e1r tartalm\u00e1hoz. A \u201eFolytat\u00e1s a k\u00f6vetkez\u0151 l\u00e9p\u00e9ssel\u201d gombra kattint\u00e1s eset\u00e9n \u00d6n a \u201eRendel\u00e9s \u00e1ttekint\u00e9se\u201d oldalra \u00e9rkezik. Itt l\u00e1thatja \u00f6sszegezve az \u00d6n \u00e1ltal kor\u00e1bban megadott adatokat, \u00edgy a Kos\u00e1r tartalm\u00e1t, a felhaszn\u00e1l\u00f3i, sz\u00e1ml\u00e1z\u00e1si \u00e9s sz\u00e1ll\u00edt\u00e1si adatokat \u00e9s az \u00d6n \u00e1ltal fizetend\u0151 \u00f6sszeget (ezeken az adatokon itt m\u00e1r nem v\u00e1ltoztathat, csak ha a \u201eVissza\u201d gombra kattint).<br \/>\n5.1. A rendel\u00e9s v\u00e9gleges\u00edt\u00e9se (aj\u00e1nlatt\u00e9tel):<br \/>\nAmennyiben \u00d6n meggy\u0151z\u0151d\u00f6tt arr\u00f3l, hogy a kos\u00e1r tartalma megfelel az \u00d6n \u00e1ltal megrendelni k\u00edv\u00e1nt term\u00e9keknek, valamint az \u00d6n adatai helyesen szerepelnek, \u00fagy a \u201eMegrendel\u00e9s\u201d gombra kattintva z\u00e1rhatja le megrendel\u00e9s\u00e9t. A honlapon k\u00f6z\u00f6lt inform\u00e1ci\u00f3k nem min\u0151s\u00fclnek az Szolg\u00e1ltat\u00f3 r\u00e9sz\u00e9r\u0151l szerz\u0151d\u00e9s megk\u00f6t\u00e9s\u00e9re vonatkoz\u00f3 aj\u00e1nlatnak. A jelen \u00c1SZF hat\u00e1lya al\u00e1 tartoz\u00f3 megrendel\u00e9sek eset\u00e9n \u00d6n min\u0151s\u00fcl aj\u00e1nlattev\u0151nek.<br \/>\n\u00d6n a \u201eMegrendel\u00e9s\u201d gomb megnyom\u00e1s\u00e1val kifejezetten tudom\u00e1sul veszi, hogy aj\u00e1nlat\u00e1t megtettnek kell tekinteni, \u00e9s nyilatkozata \u2013 az Szolg\u00e1ltat\u00f3 jelen \u00c1SZF szerinti visszaigazol\u00e1sa eset\u00e9n &#8211; fizet\u00e9si k\u00f6telezetts\u00e9get von maga ut\u00e1n. \u00d6nt az aj\u00e1nlata 48 \u00f3r\u00e1s id\u0151tartamban k\u00f6ti. Amennyiben az \u00d6n aj\u00e1nlat\u00e1t a jelen \u00e1ltal\u00e1nos szerz\u0151d\u00e9si felt\u00e9telek szerint 48 \u00f3r\u00e1n bel\u00fcl nem igazolja vissza az Szolg\u00e1ltat\u00f3, \u00d6n mentes\u00fcl az aj\u00e1nlati k\u00f6t\u00f6tts\u00e9ge al\u00f3l.<br \/>\n5.2. Rendel\u00e9s feldolgoz\u00e1sa, a szerz\u0151d\u00e9s l\u00e9trej\u00f6tte<br \/>\n\u00d6nnek b\u00e1rmilyen id\u0151pontban lehet\u0151s\u00e9ge van a megrendel\u00e9s lead\u00e1s\u00e1ra. Az Szolg\u00e1ltat\u00f3 halad\u00e9ktalanul, de legk\u00e9s\u0151bb az \u00d6n aj\u00e1nlat\u00e1nak elk\u00fcld\u00e9s\u00e9t k\u00f6vet\u0151 munkanap sor\u00e1n e-mail \u00fatj\u00e1n visszaigazolja az \u00d6n aj\u00e1nlat\u00e1t. A szerz\u0151d\u00e9s akkor j\u00f6n l\u00e9tre, amikor az Szolg\u00e1ltat\u00f3 \u00e1ltal k\u00fcld\u00f6tt visszaigazol\u00f3 email az \u00d6n sz\u00e1m\u00e1ra a levelez\u0151rendszer\u00e9ben hozz\u00e1f\u00e9rhet\u0151v\u00e9 v\u00e1lik.<\/p>\n<p>6. A megrendelt term\u00e9k ellen\u00e9rt\u00e9k\u00e9nek \u00e9s a sz\u00e1ll\u00edt\u00e1s d\u00edj\u00e1nak fizet\u00e9s\u00e9nek m\u00f3dja<br \/>\n6.1. A megrendelt term\u00e9k fizet\u00e9s\u00e9nek m\u00f3dja<br \/>\n\u2022 Banki el\u0151re utal\u00e1ssal t\u00f6rt\u00e9n\u0151 teljes\u00edt\u00e9s: ha m\u00e1r visszaigazoltuk az \u00d6n megrendel\u00e9s\u00e9t, akkor a visszaigazol\u00f3 e-mailben megtal\u00e1lja a banksz\u00e1mlasz\u00e1munkat \u00e9s a megrendel\u00e9ssz\u00e1mot, amelyre hivatkozni kell az \u00e1tutal\u00e1s megjegyz\u00e9s \/ k\u00f6zlem\u00e9ny rovat\u00e1ban. Amennyiben az \u00e1tutalt \u00f6sszeget j\u00f3v\u00e1\u00edrj\u00e1k a banksz\u00e1ml\u00e1nkon, csak ezt k\u00f6vet\u0151en adjuk fel a fut\u00e1rszolg\u00e1lattal a term\u00e9ket vagy k\u00e9sz\u00edtj\u00fck el\u0151 szem\u00e9lyes \u00e1tv\u00e9telre. (banksz\u00e1mlasz\u00e1munkat az \u00fczemeltet\u0151i adatok k\u00f6z\u00f6tt tal\u00e1lja meg)<br \/>\n\u2022 Szem\u00e9lyesen t\u00f6rt\u00e9n\u0151 teljes\u00edt\u00e9s: Ez esetben \u00d6n az \u00fczemeltet\u0151 sz\u00e9khely\u00e9n\/telephely\u00e9n forintban fizeti meg a term\u00e9k v\u00e9tel\u00e1r\u00e1t, vagy k\u00e9szp\u00e9nzben, vagy bankk\u00e1rty\u00e1val. Szem\u00e9lyesen t\u00f6rt\u00e9n\u0151 teljes\u00edt\u00e9sre jelenleg nincs lehet\u0151s\u00e9g.<br \/>\n\u2022 Bankk\u00e1rty\u00e1val t\u00f6rt\u00e9n\u0151 fizet\u00e9s a k\u00f6vetkez\u0151, \u00e9rv\u00e9nyes \u00e9s hat\u00e1lyos bankk\u00e1rty\u00e1k tulajdonosai sz\u00e1m\u00e1ra lehets\u00e9ges: Mastercard, Visa<br \/>\n\u2022 Ut\u00e1nv\u00e9ttel t\u00f6rt\u00e9n\u0151 teljes\u00edt\u00e9s: A term\u00e9ket az \u00e1ltalunk megb\u00edzott Magyar Posta Zrt. fut\u00e1rszolg\u00e1lat sz\u00e1ll\u00edtja ki az \u00d6n \u00e1ltal megadott c\u00edmre, ahol a term\u00e9k, vagy term\u00e9kek sz\u00e1mla szerinti \u00e1r\u00e1t a fut\u00e1rnak kell k\u00e9szp\u00e9nzben kifizetni. Ut\u00e1nv\u00e9tes megrendel\u00e9s eset\u00e9n a sz\u00e1ll\u00edt\u00e1si k\u00f6lts\u00e9ghez az ut\u00e1nv\u00e9teli d\u00edj m\u00e9g hozz\u00e1ad\u00f3dik. Jelenleg a h\u00e1zhozsz\u00e1ll\u00edt\u00e1s sz\u00fcnetel.<br \/>\n\u2022 Ut\u00e1nv\u00e9ttel fizet\u00e9s eset\u00e9n a megrendelt term\u00e9ket a csomag \u00e1tv\u00e9telekor a k\u00e9zbes\u00edt\u0151nek k\u00e9szp\u00e9nzben kell kifizetni.<br \/>\nA fizetend\u0151 v\u00e9g\u00f6sszeg a megrendel\u00e9s \u00f6sszes\u00edt\u0151je \u00e9s visszaigazol\u00f3 lev\u00e9l alapj\u00e1n minden k\u00f6lts\u00e9get tartalmaz. A sz\u00e1ml\u00e1t \u00e9s a garancialevelet a csomag tartalmazza. K\u00e9rj\u00fck a csomagot k\u00e9zbes\u00edt\u00e9skor a k\u00e9zbes\u00edt\u0151 el\u0151tt sz\u00edveskedj\u00e9k megvizsg\u00e1lni, \u00e9s esetlegesen a term\u00e9keken \u00e9szlelt s\u00e9r\u00fcl\u00e9s, vagy hi\u00e1ny eset\u00e9n k\u00e9rje jegyz\u0151k\u00f6nyv felv\u00e9tel\u00e9t \u00e9s ne vegye \u00e1t a csomagot. Ut\u00f3lagos, jegyz\u0151k\u00f6nyv n\u00e9lk\u00fcli reklam\u00e1ci\u00f3t nem \u00e1ll m\u00f3dunkban elfogadni.<br \/>\n6.2. Sz\u00e1ll\u00edt\u00e1s m\u00f3djai \u00e9s d\u00edjszab\u00e1sa<br \/>\nA megrendelet term\u00e9ket jelenleg csak szem\u00e9lyes \u00e1tv\u00e9telre lehet rendelni, melynek d\u00edja ingyenes.<br \/>\nSz\u00e1ll\u00edt\u00e1si hat\u00e1rid\u0151:<br \/>\nRakt\u00e1ron l\u00e9v\u0151 term\u00e9kek eset\u00e9ben a megrendel\u00e9s visszaigazol\u00e1s\u00e1t\u00f3l sz\u00e1m\u00edtott legk\u00e9s\u0151bb 5 munkanap. Abban az esetben, ha a term\u00e9k nincs rakt\u00e1ron telefonos egyeztet\u00e9s sz\u00fcks\u00e9ges a v\u00e1rhat\u00f3 hat\u00e1rid\u0151r\u0151l.<br \/>\n7. El\u00e1ll\u00e1s joga<br \/>\nFOGYASZT\u00d3I T\u00c1J\u00c9KOZTAT\u00d3 A 45\/2014. (II. 26.) KORM. RENDELET ALAPJ\u00c1N<br \/>\n7.1. T\u00e1j\u00e9koztat\u00f3 a fogyaszt\u00f3 vev\u0151t megillet\u0151 el\u00e1ll\u00e1si jogr\u00f3l<br \/>\nFogyaszt\u00f3nak a Ptk. 8:1. \u00a7 1. bekezd\u00e9s 3. pontja szerint csak a szakm\u00e1ja, \u00f6n\u00e1ll\u00f3 foglalkoz\u00e1sa vagy \u00fczleti tev\u00e9kenys\u00e9ge k\u00f6r\u00e9n k\u00edv\u00fcl elj\u00e1r\u00f3 term\u00e9szetes szem\u00e9ly min\u0151s\u00fcl, \u00edgy jogi szem\u00e9lyek nem \u00e9lhetnek az indokol\u00e1s n\u00e9lk\u00fcli el\u00e1ll\u00e1si joggal!<br \/>\nA fogyaszt\u00f3t a 45\/2014. (II. 26.) Korm. rendelet 20. \u00a7 szerint megilleti az indokol\u00e1s n\u00e9lk\u00fcli el\u00e1ll\u00e1s joga. A fogyaszt\u00f3 az el\u00e1ll\u00e1si jog\u00e1t<br \/>\na) term\u00e9k ad\u00e1sv\u00e9tel\u00e9re ir\u00e1nyul\u00f3 szerz\u0151d\u00e9s eset\u00e9n<br \/>\nb) a term\u00e9knek,<br \/>\nc) t\u00f6bb term\u00e9k ad\u00e1sv\u00e9telekor, ha az egyes term\u00e9kek szolg\u00e1ltat\u00e1sa elt\u00e9r\u0151 id\u0151pontban t\u00f6rt\u00e9nik, az utolj\u00e1ra szolg\u00e1ltatott term\u00e9knek,<br \/>\na fogyaszt\u00f3 vagy az \u00e1ltala megjel\u00f6lt, a fuvaroz\u00f3t\u00f3l elt\u00e9r\u0151 harmadik szem\u00e9ly \u00e1ltali \u00e1tv\u00e9tel\u00e9nek napj\u00e1t\u00f3l sz\u00e1m\u00edtott hat\u00e1rid\u0151n bel\u00fcl gyakorolhatja, mely hat\u00e1rid\u0151 14 nap.<br \/>\nA jelen pontban foglaltak nem \u00e9rintik a fogyaszt\u00f3 azon jog\u00e1t, hogy az e pontban meghat\u00e1rozott el\u00e1ll\u00e1si jog\u00e1t a szerz\u0151d\u00e9s megk\u00f6t\u00e9s\u00e9nek napja \u00e9s a term\u00e9k \u00e1tv\u00e9tel\u00e9nek napja k\u00f6z\u00f6tti id\u0151szakban is gyakorolja.<br \/>\nHa a szerz\u0151d\u00e9s megk\u00f6t\u00e9s\u00e9re a fogyaszt\u00f3 tett aj\u00e1nlatot, a fogyaszt\u00f3t a szerz\u0151d\u00e9s megk\u00f6t\u00e9se el\u0151tt megilleti az aj\u00e1nlat visszavon\u00e1s\u00e1nak joga, ami a szerz\u0151d\u00e9s megk\u00f6t\u00e9s\u00e9re kiterjed\u0151 aj\u00e1nlati k\u00f6t\u00f6tts\u00e9get megsz\u00fcnteti.<br \/>\n7.2. El\u00e1ll\u00e1si nyilatkozat, a fogyaszt\u00f3t megillet\u0151 el\u00e1ll\u00e1si vagy felmond\u00e1si jog gyakorl\u00e1sa<br \/>\nA fogyaszt\u00f3 a 45\/2014. (II. 26.) Korm. rendelet 20. \u00a7-ban biztos\u00edtott jog\u00e1t az erre vonatkoz\u00f3 egy\u00e9rtelm\u0171 nyilatkozat \u00fatj\u00e1n, vagy a honlapr\u00f3l is let\u00f6lthet\u0151 nyilatkozat-minta felhaszn\u00e1l\u00e1s\u00e1val gyakorolhatja.<br \/>\nK\u00e9rj\u00fck, hogy az el\u00e1ll\u00e1si nyilatkozatot \u00e9s a term\u00e9ket az al\u00e1bbi c\u00edmre visszajuttatni sz\u00edveskedjenek:<br \/>\nSh\u00e1m\u00e1n S\u00f6r Kft.<br \/>\n4400 Ny\u00edregyh\u00e1za, \u00c1rv\u00e1cska u. 5.<\/p>\n<p>7.3. A fogyaszt\u00f3 el\u00e1ll\u00e1si nyilatkozat\u00e1nak \u00e9rv\u00e9nyess\u00e9ge<br \/>\nAz el\u00e1ll\u00e1si jogot hat\u00e1rid\u0151ben \u00e9rv\u00e9nyes\u00edtettnek kell tekinteni, ha a fogyaszt\u00f3 nyilatkozat\u00e1t hat\u00e1rid\u0151n bel\u00fcl elk\u00fcldi. A hat\u00e1rid\u0151 14 nap.<br \/>\nA fogyaszt\u00f3t terheli annak bizony\u00edt\u00e1sa, hogy az el\u00e1ll\u00e1s jog\u00e1t e rendelkez\u00e9ssel \u00f6sszhangban gyakorolta.<br \/>\nAz Szolg\u00e1ltat\u00f3 a fogyaszt\u00f3 el\u00e1ll\u00e1si nyilatkozat\u00e1t annak meg\u00e9rkez\u00e9s\u00e9t k\u00f6vet\u0151en k\u00f6teles elektronikus adathordoz\u00f3n halad\u00e9ktalanul visszaigazolni, amennyiben az internetes honlapj\u00e1n is biztos\u00edtja a fogyaszt\u00f3 sz\u00e1m\u00e1ra az el\u00e1ll\u00e1si jog gyakorl\u00e1s\u00e1t.<br \/>\n7.4. Az el\u00e1ll\u00e1si jog gyakorl\u00e1sa<br \/>\nHa Felhaszn\u00e1l\u00f3 el\u00e1ll\u00e1si jog\u00e1val \u00e9lni k\u00edv\u00e1n, el\u00e1ll\u00e1si sz\u00e1nd\u00e9k\u00e1t tartalmaz\u00f3 egy\u00e9rtelm\u0171 nyilatkozat\u00e1t k\u00f6teles eljuttatni Szolg\u00e1ltat\u00f3 el\u00e9rhet\u0151s\u00e9geinek egyik\u00e9re. Az el\u00e1ll\u00e1si nyilatkozat b\u00e1rmilyen m\u00f3don megtehet\u0151, ak\u00e1r sz\u00f3ban ak\u00e1r \u00edr\u00e1sban.<br \/>\nFelhaszn\u00e1l\u00f3 hat\u00e1rid\u0151ben gyakorolja el\u00e1ll\u00e1si jog\u00e1t, ha a fent megjel\u00f6lt hat\u00e1rid\u0151 lej\u00e1rta el\u0151tt elk\u00fcldi \u00edr\u00e1sbeli el\u00e1ll\u00e1si nyilatkozat\u00e1t, vagy a hat\u00e1rid\u0151 utols\u00f3 napj\u00e1n sz\u00f3ban bejelenti azt. Fogyaszt\u00f3t terheli annak bizony\u00edt\u00e1sa, hogy az el\u00e1ll\u00e1si jog\u00e1t az itt \u00edrtaknak megfelel\u0151 m\u00f3don \u00e9s hat\u00e1rid\u0151ben gyakorolta.<br \/>\nAz el\u00e1ll\u00e1si jog gyakorl\u00e1s\u00e1t nem z\u00e1rja ki a felbontott csomagol\u00e1s \u00e9s a term\u00e9k jelleg\u00e9nek, tulajdons\u00e1gainak \u00e9s m\u0171k\u00f6d\u00e9s\u00e9nek meg\u00e1llap\u00edt\u00e1s\u00e1hoz sz\u00fcks\u00e9ges haszn\u00e1lat.<br \/>\nA term\u00e9k visszak\u00fcld\u00e9s\u00e9nek megszervez\u00e9se \u00e9s a visszak\u00fcld\u00e9s k\u00f6lts\u00e9ge Felhaszn\u00e1l\u00f3t terheli. Az \u00e1ru visszajuttat\u00e1sa t\u00f6rt\u00e9nhet szem\u00e9lyesen is, az \u00fcgyf\u00e9lszolg\u00e1lattal t\u00f6rt\u00e9n\u0151 el\u0151zetes id\u0151pont egyeztet\u00e9s ut\u00e1n.<br \/>\nAz el\u00e1ll\u00e1s elfogad\u00e1sa \u00e9s az \u00e1ru visszav\u00e9tele ut\u00e1n az elsz\u00e1mol\u00e1s megt\u00f6rt\u00e9nik, legfeljebb az el\u00e1ll\u00e1s elfogad\u00e1s\u00e1t\u00f3l sz\u00e1m\u00edtott 14 napon bel\u00fcl. El\u00e1ll\u00e1s eset\u00e9n Szolg\u00e1ltat\u00f3 az el\u00e1ll\u00e1ssal \u00e9rintett term\u00e9k v\u00e9tel\u00e1r\u00e1t \u00e9s a kisz\u00e1ll\u00edt\u00e1s k\u00f6lts\u00e9g\u00e9t is k\u00f6teles visszat\u00e9r\u00edteni Felhaszn\u00e1l\u00f3 r\u00e9sz\u00e9re.<br \/>\n7.5. Az el\u00e1ll\u00e1si jog az al\u00e1bbi esetekben nem gyakorolhat\u00f3<br \/>\nAz Szolg\u00e1ltat\u00f3 kifejezetten felh\u00edvja az \u00d6n figyelm\u00e9t, hogy \u00d6n nem gyakorolhatja el\u00e1ll\u00e1si jog\u00e1t a 45\/2014 (II.26.) Korm. Rendelet 29. \u00a7. (1) bekezd\u00e9s\u00e9ben foglalt esetekben:<br \/>\na) a szolg\u00e1ltat\u00e1s ny\u00fajt\u00e1s\u00e1ra ir\u00e1nyul\u00f3 szerz\u0151d\u00e9s eset\u00e9ben a szolg\u00e1ltat\u00e1s eg\u00e9sz\u00e9nek teljes\u00edt\u00e9s\u00e9t k\u00f6vet\u0151en, ha a v\u00e1llalkoz\u00e1s a teljes\u00edt\u00e9st a fogyaszt\u00f3 kifejezett, el\u0151zetes beleegyez\u00e9s\u00e9vel kezdte meg, \u00e9s a fogyaszt\u00f3 tudom\u00e1sul vette, hogy a szolg\u00e1ltat\u00e1s eg\u00e9sz\u00e9nek teljes\u00edt\u00e9s\u00e9t k\u00f6vet\u0151en felmond\u00e1si jog\u00e1t elvesz\u00edti;<br \/>\nb) olyan term\u00e9k vagy szolg\u00e1ltat\u00e1s tekintet\u00e9ben, amelynek \u00e1ra, illetve d\u00edja a p\u00e9nzpiac v\u00e1llalkoz\u00e1s \u00e1ltal nem befoly\u00e1solhat\u00f3, az el\u00e1ll\u00e1si jog gyakorl\u00e1s\u00e1ra meghat\u00e1rozott hat\u00e1rid\u0151 alatt is lehets\u00e9ges ingadoz\u00e1s\u00e1t\u00f3l f\u00fcgg;<br \/>\nc) olyan nem el\u0151re gy\u00e1rtott term\u00e9k eset\u00e9ben, amelyet a fogyaszt\u00f3 utas\u00edt\u00e1sa alapj\u00e1n vagy kifejezett k\u00e9r\u00e9s\u00e9re \u00e1ll\u00edtottak el\u0151, vagy olyan term\u00e9k eset\u00e9ben, amelyet egy\u00e9rtelm\u0171en a fogyaszt\u00f3 szem\u00e9ly\u00e9re szabtak;<br \/>\nd) romland\u00f3 vagy min\u0151s\u00e9g\u00e9t r\u00f6vid ideig meg\u0151rz\u0151 term\u00e9k tekintet\u00e9ben;<\/p>\n<p>e) olyan z\u00e1rt csomagol\u00e1s\u00fa term\u00e9k tekintet\u00e9ben, amely eg\u00e9szs\u00e9gv\u00e9delmi vagy higi\u00e9niai okokb\u00f3l az \u00e1tad\u00e1st k\u00f6vet\u0151 felbont\u00e1sa ut\u00e1n nem k\u00fcldhet\u0151 vissza;<br \/>\nf) olyan term\u00e9k tekintet\u00e9ben, amely jelleg\u00e9n\u00e9l fogva az \u00e1tad\u00e1st k\u00f6vet\u0151en elv\u00e1laszthatatlanul vegy\u00fcl m\u00e1s term\u00e9kkel;<br \/>\ng) olyan alkoholtartalm\u00fa ital tekintet\u00e9ben, amelynek t\u00e9nyleges \u00e9rt\u00e9ke a v\u00e1llalkoz\u00e1s \u00e1ltal nem befoly\u00e1solhat\u00f3 m\u00f3don a piaci ingadoz\u00e1sokt\u00f3l f\u00fcgg, \u00e9s amelynek \u00e1r\u00e1r\u00f3l a felek az ad\u00e1sv\u00e9teli szerz\u0151d\u00e9s megk\u00f6t\u00e9sekor \u00e1llapodtak meg, azonban a szerz\u0151d\u00e9s teljes\u00edt\u00e9s\u00e9re csak a megk\u00f6t\u00e9st\u0151l sz\u00e1m\u00edtott harmincadik napot k\u00f6vet\u0151en ker\u00fcl sor;<br \/>\nh) olyan v\u00e1llalkoz\u00e1si szerz\u0151d\u00e9s eset\u00e9ben, amelyn\u00e9l a v\u00e1llalkoz\u00e1s a fogyaszt\u00f3 kifejezett k\u00e9r\u00e9s\u00e9re keresi fel a fogyaszt\u00f3t s\u00fcrg\u0151s jav\u00edt\u00e1si vagy karbantart\u00e1si munk\u00e1latok elv\u00e9gz\u00e9se c\u00e9lj\u00e1b\u00f3l;<br \/>\ni) lez\u00e1rt csomagol\u00e1s\u00fa hang-, illetve k\u00e9pfelv\u00e9tel, valamint sz\u00e1m\u00edt\u00f3g\u00e9pes szoftver p\u00e9ld\u00e1ny\u00e1nak ad\u00e1sv\u00e9tele tekintet\u00e9ben, ha az \u00e1tad\u00e1st k\u00f6vet\u0151en a fogyaszt\u00f3 a csomagol\u00e1st felbontotta;<br \/>\nj) h\u00edrlap, foly\u00f3irat \u00e9s id\u0151szaki lap tekintet\u00e9ben, az el\u0151fizet\u00e9ses szerz\u0151d\u00e9sek kiv\u00e9tel\u00e9vel;<br \/>\nk) nyilv\u00e1nos \u00e1rver\u00e9sen megk\u00f6t\u00f6tt szerz\u0151d\u00e9sek eset\u00e9ben;<br \/>\nl) lak\u00e1sc\u00e9l\u00fa szolg\u00e1ltat\u00e1s kiv\u00e9tel\u00e9vel sz\u00e1ll\u00e1sny\u00fajt\u00e1sra ir\u00e1nyul\u00f3 szerz\u0151d\u00e9s, fuvaroz\u00e1s, szem\u00e9lyg\u00e9pj\u00e1rm\u0171-k\u00f6lcs\u00f6nz\u00e9s, \u00e9tkeztet\u00e9s vagy szabadid\u0151s tev\u00e9kenys\u00e9gekhez kapcsol\u00f3d\u00f3 szolg\u00e1ltat\u00e1sra ir\u00e1nyul\u00f3 szerz\u0151d\u00e9s eset\u00e9ben, ha a szerz\u0151d\u00e9sben meghat\u00e1rozott teljes\u00edt\u00e9si hat\u00e1rnapot vagy hat\u00e1rid\u0151t k\u00f6t\u00f6ttek ki;<br \/>\nm) a nem t\u00e1rgyi adathordoz\u00f3n ny\u00fajtott digit\u00e1lis adattartalom tekintet\u00e9ben, ha a v\u00e1llalkoz\u00e1s a fogyaszt\u00f3 kifejezett, el\u0151zetes beleegyez\u00e9s\u00e9vel kezdte meg a teljes\u00edt\u00e9st, \u00e9s a fogyaszt\u00f3 e beleegyez\u00e9s\u00e9vel egyidej\u0171leg nyilatkozott annak tudom\u00e1sul v\u00e9tel\u00e9r\u0151l, hogy a teljes\u00edt\u00e9s megkezd\u00e9s\u00e9t k\u00f6vet\u0151en elvesz\u00edti az el\u00e1ll\u00e1si jog\u00e1t.<\/p>\n<p>8. J\u00f3t\u00e1ll\u00e1s, szavatoss\u00e1g, kell\u00e9kszavatoss\u00e1g<br \/>\n8.1. Milyen esetben \u00e9lhet Felhaszn\u00e1l\u00f3 a kell\u00e9kszavatoss\u00e1gi jog\u00e1val?<br \/>\nFelhaszn\u00e1l\u00f3 a Szolg\u00e1ltat\u00f3 hib\u00e1s teljes\u00edt\u00e9se eset\u00e9n a Szolg\u00e1ltat\u00f3val szemben kell\u00e9kszavatoss\u00e1gi ig\u00e9nyt \u00e9rv\u00e9nyes\u00edthet a Polg\u00e1ri T\u00f6rv\u00e9nyk\u00f6nyv szab\u00e1lyai szerint.<br \/>\n8.2. Milyen jogok illetik meg a Felhaszn\u00e1l\u00f3t a kell\u00e9kszavatoss\u00e1gi ig\u00e9nye alapj\u00e1n?<br \/>\nFelhaszn\u00e1l\u00f3 \u2013 v\u00e1laszt\u00e1sa szerint \u2013 az al\u00e1bbi kell\u00e9kszavatoss\u00e1gi ig\u00e9nyekkel \u00e9lhet: k\u00e9rhet kijav\u00edt\u00e1st vagy kicser\u00e9l\u00e9st, kiv\u00e9ve, ha az ezek k\u00f6z\u00fcl a Felhaszn\u00e1l\u00f3 \u00e1ltal v\u00e1lasztott ig\u00e9ny teljes\u00edt\u00e9se lehetetlen vagy a v\u00e1llalkoz\u00e1s sz\u00e1m\u00e1ra m\u00e1s ig\u00e9nye teljes\u00edt\u00e9s\u00e9hez k\u00e9pest ar\u00e1nytalan t\u00f6bbletk\u00f6lts\u00e9ggel j\u00e1rna. Ha a kijav\u00edt\u00e1st vagy a kicser\u00e9l\u00e9st nem k\u00e9rte, illetve nem k\u00e9rhette, \u00fagy ig\u00e9nyelheti az ellenszolg\u00e1ltat\u00e1s ar\u00e1nyos lesz\u00e1ll\u00edt\u00e1s\u00e1t vagy a hib\u00e1t a v\u00e1llalkoz\u00e1s k\u00f6lts\u00e9g\u00e9re Felhaszn\u00e1l\u00f3 is kijav\u00edthatja, illetve m\u00e1ssal kijav\u00edttathatja vagy \u2013 v\u00e9gs\u0151 esetben \u2013 a szerz\u0151d\u00e9st\u0151l is el\u00e1llhat. V\u00e1lasztott kell\u00e9kszavatoss\u00e1gi jog\u00e1r\u00f3l egy m\u00e1sikra is \u00e1tt\u00e9rhet, az \u00e1tt\u00e9r\u00e9s k\u00f6lts\u00e9g\u00e9t azonban Felhaszn\u00e1l\u00f3 viseli, kiv\u00e9ve, ha az indokolt volt, vagy arra a v\u00e1llalkoz\u00e1s adott okot.<br \/>\n8.3. Milyen hat\u00e1rid\u0151ben \u00e9rv\u00e9nyes\u00edtheti Felhaszn\u00e1l\u00f3 kell\u00e9kszavatoss\u00e1gi ig\u00e9ny\u00e9t?<br \/>\nFelhaszn\u00e1l\u00f3 (ha fogyaszt\u00f3nak min\u0151s\u00fcl) k\u00f6teles a hib\u00e1t annak felfedez\u00e9se ut\u00e1n halad\u00e9ktalanul, de nem k\u00e9s\u0151bb, mint a hiba felfedez\u00e9s\u00e9t\u0151l sz\u00e1m\u00edtott kett\u0151 h\u00f3napon bel\u00fcl k\u00f6z\u00f6lni. Ugyanakkor felh\u00edvjuk a figyelm\u00e9t, hogy a szerz\u0151d\u00e9s teljes\u00edt\u00e9s\u00e9t\u0151l sz\u00e1m\u00edtott k\u00e9t \u00e9ves (v\u00e1llalkoz\u00e1s eset\u00e9n 1 \u00e9ves) el\u00e9v\u00fcl\u00e9si hat\u00e1rid\u0151n t\u00fal kell\u00e9kszavatoss\u00e1gi jogait m\u00e1r nem \u00e9rv\u00e9nyes\u00edtheti.<br \/>\n8.4. Kivel szemben \u00e9rv\u00e9nyes\u00edtheti kell\u00e9kszavatoss\u00e1gi ig\u00e9ny\u00e9t?<br \/>\nFelhaszn\u00e1l\u00f3 a Szolg\u00e1ltat\u00f3val szemben \u00e9rv\u00e9nyes\u00edtheti kell\u00e9kszavatoss\u00e1gi ig\u00e9ny\u00e9t.<br \/>\n8.5. Milyen egy\u00e9b felt\u00e9tele van kell\u00e9kszavatoss\u00e1gi jogai \u00e9rv\u00e9nyes\u00edt\u00e9s\u00e9nek (amennyiben a Felhaszn\u00e1l\u00f3 fogyaszt\u00f3nak min\u0151s\u00fcl)?<br \/>\nA teljes\u00edt\u00e9st\u0151l sz\u00e1m\u00edtott hat h\u00f3napon bel\u00fcl a kell\u00e9kszavatoss\u00e1gi ig\u00e9nye \u00e9rv\u00e9nyes\u00edt\u00e9s\u00e9nek a hiba k\u00f6zl\u00e9s\u00e9n t\u00fal nincs egy\u00e9b felt\u00e9tele, ha Felhaszn\u00e1l\u00f3 igazolja, hogy a term\u00e9ket, illetve a szolg\u00e1ltat\u00e1st a webshopot \u00fczemeltet\u0151 v\u00e1llalkoz\u00e1s ny\u00fajtotta. A teljes\u00edt\u00e9st\u0151l sz\u00e1m\u00edtott hat h\u00f3nap eltelte ut\u00e1n azonban m\u00e1r Felhaszn\u00e1l\u00f3 k\u00f6teles bizony\u00edtani, hogy a Felhaszn\u00e1l\u00f3 \u00e1ltal felismert hiba m\u00e1r a teljes\u00edt\u00e9s id\u0151pontj\u00e1ban is megvolt.<br \/>\nTerm\u00e9kszavatoss\u00e1g<br \/>\n8.6. Milyen esetben \u00e9lhet Felhaszn\u00e1l\u00f3 a term\u00e9kszavatoss\u00e1gi jog\u00e1val?<br \/>\nIng\u00f3 dolog (term\u00e9k) hib\u00e1ja eset\u00e9n Felhaszn\u00e1l\u00f3 \u2013 v\u00e1laszt\u00e1sa szerint \u2013 kell\u00e9kszavatoss\u00e1gi vagy term\u00e9kszavatoss\u00e1gi ig\u00e9nyt \u00e9rv\u00e9nyes\u00edthet.<br \/>\n8.7. Milyen jogok illetik meg Felhaszn\u00e1l\u00f3t term\u00e9kszavatoss\u00e1gi ig\u00e9nye alapj\u00e1n?<br \/>\nTerm\u00e9kszavatoss\u00e1gi ig\u00e9nyk\u00e9nt Felhaszn\u00e1l\u00f3 kiz\u00e1r\u00f3lag a hib\u00e1s term\u00e9k kijav\u00edt\u00e1s\u00e1t vagy kicser\u00e9l\u00e9s\u00e9t k\u00e9rheti.<br \/>\n8.8. Milyen esetben min\u0151s\u00fcl a term\u00e9k hib\u00e1snak?<br \/>\nA term\u00e9k akkor hib\u00e1s, ha az nem felel meg a forgalomba hozatalakor hat\u00e1lyos min\u0151s\u00e9gi k\u00f6vetelm\u00e9nyeknek, vagy pedig, ha nem rendelkezik a gy\u00e1rt\u00f3 \u00e1ltal adott le\u00edr\u00e1sban szerepl\u0151 tulajdons\u00e1gokkal.<br \/>\n8.9. Milyen hat\u00e1rid\u0151ben \u00e9rv\u00e9nyes\u00edtheti Felhaszn\u00e1l\u00f3 term\u00e9kszavatoss\u00e1gi ig\u00e9ny\u00e9t?<br \/>\nTerm\u00e9kszavatoss\u00e1gi ig\u00e9ny\u00e9t Felhaszn\u00e1l\u00f3 a term\u00e9k gy\u00e1rt\u00f3 \u00e1ltali forgalomba hozatal\u00e1t\u00f3l sz\u00e1m\u00edtott k\u00e9t \u00e9ven (v\u00e1llalkoz\u00e1s eset\u00e9n 1 \u00e9ven) bel\u00fcl \u00e9rv\u00e9nyes\u00edtheti. E hat\u00e1rid\u0151 eltelt\u00e9vel e jogosults\u00e1g\u00e1t elveszti.<br \/>\n8.10. Kivel szemben \u00e9s milyen egy\u00e9b felt\u00e9tellel \u00e9rv\u00e9nyes\u00edtheti term\u00e9kszavatoss\u00e1gi ig\u00e9ny\u00e9t?<br \/>\nTerm\u00e9kszavatoss\u00e1gi ig\u00e9ny\u00e9t kiz\u00e1r\u00f3lag az ing\u00f3 dolog gy\u00e1rt\u00f3j\u00e1val vagy forgalmaz\u00f3j\u00e1val szemben gyakorolhatja. A term\u00e9k hib\u00e1j\u00e1t term\u00e9kszavatoss\u00e1gi ig\u00e9ny \u00e9rv\u00e9nyes\u00edt\u00e9se eset\u00e9n Felhaszn\u00e1l\u00f3nak kell bizony\u00edtania.<br \/>\n8.11. A gy\u00e1rt\u00f3 (forgalmaz\u00f3) milyen esetben mentes\u00fcl term\u00e9kszavatoss\u00e1gi k\u00f6telezetts\u00e9ge al\u00f3l?<br \/>\nA gy\u00e1rt\u00f3 (forgalmaz\u00f3) kiz\u00e1r\u00f3lag akkor mentes\u00fcl term\u00e9kszavatoss\u00e1gi k\u00f6telezetts\u00e9ge al\u00f3l, ha bizony\u00edtani tudja, hogy:<br \/>\n\u2022 a term\u00e9ket nem \u00fczleti tev\u00e9kenys\u00e9ge k\u00f6r\u00e9ben gy\u00e1rtotta, illetve hozta forgalomba, vagy<br \/>\n\u2022 a hiba a tudom\u00e1ny \u00e9s a technika \u00e1ll\u00e1sa szerint a forgalomba hozatal id\u0151pontj\u00e1ban nem volt felismerhet\u0151 vagy<br \/>\n\u2022 a term\u00e9k hib\u00e1ja jogszab\u00e1ly vagy k\u00f6telez\u0151 hat\u00f3s\u00e1gi el\u0151\u00edr\u00e1s alkalmaz\u00e1s\u00e1b\u00f3l ered.<br \/>\nA gy\u00e1rt\u00f3nak (forgalmaz\u00f3nak) a mentes\u00fcl\u00e9shez elegend\u0151 egy okot bizony\u00edtania. Felh\u00edvom figyelm\u00e9t, hogy ugyanazon hiba miatt kell\u00e9kszavatoss\u00e1gi \u00e9s term\u00e9kszavatoss\u00e1gi ig\u00e9nyt egyszerre, egym\u00e1ssal p\u00e1rhuzamosan nem \u00e9rv\u00e9nyes\u00edthet. Term\u00e9kszavatoss\u00e1gi ig\u00e9ny\u00e9nek eredm\u00e9nyes \u00e9rv\u00e9nyes\u00edt\u00e9se eset\u00e9n azonban a kicser\u00e9lt term\u00e9kre, illetve kijav\u00edtott r\u00e9szre vonatkoz\u00f3 kell\u00e9kszavatoss\u00e1gi ig\u00e9ny\u00e9t a gy\u00e1rt\u00f3val szemben \u00e9rv\u00e9nyes\u00edtheti.<br \/>\nSzolg\u00e1ltat\u00f3 nem forgalmaz jogszab\u00e1ly \u00e1ltal elrendelt k\u00f6telez\u0151 j\u00f3t\u00e1ll\u00e1s al\u00e1 es\u0151 term\u00e9ket, tov\u00e1bb\u00e1 \u00f6nk\u00e9nt sem v\u00e1llal j\u00f3t\u00e1ll\u00e1st.<br \/>\n9. Vegyes rendelkez\u00e9sek<br \/>\nSzolg\u00e1ltat\u00f3 fenntartja mag\u00e1nak a jogot arra, hogy a szerz\u0151d\u00e9si felt\u00e9teleket b\u00e1rmikor el\u0151zetes bejelent\u00e9s \u00e9s k\u00fcl\u00f6n \u00e9rtes\u00edt\u00e9s n\u00e9lk\u00fcl egyoldal\u00faan m\u00f3dos\u00edtsa.<br \/>\nA jelen \u00e1ltal\u00e1nos szerz\u0151d\u00e9si felt\u00e9telekben nem szab\u00e1lyozott k\u00e9rd\u00e9sekben a Ptk (2013.\u00e9vi V. t\u00f6rv\u00e9ny), fogyaszt\u00f3i szerz\u0151d\u00e9sekn\u00e9l a t\u00e1vollev\u0151k k\u00f6z\u00f6tt k\u00f6t\u00f6tt szerz\u0151d\u00e9sekr\u0151l sz\u00f3l\u00f3 45\/2014. korm\u00e1nyrendelet rendelkez\u00e9sei az ir\u00e1nyad\u00f3k.<br \/>\nA szerz\u0151d\u0151 felek k\u00f6lcs\u00f6n\u00f6sen egy\u00fcttm\u0171k\u00f6dnek annak \u00e9rdek\u00e9ben, hogy az esetleges vit\u00e1s k\u00e9rd\u00e9seket peren k\u00edv\u00fcl, t\u00e1rgyal\u00e1sos \u00faton a legr\u00f6videbb id\u0151 alatt \u00e9s a legkevesebb k\u00f6lts\u00e9ggel rendezz\u00e9k. Amennyiben ez nem vezet eredm\u00e9nyre, Felhaszn\u00e1l\u00f3 a Szolg\u00e1ltat\u00f3 sz\u00e9khelye szerinti b\u00edr\u00f3s\u00e1gon ind\u00edthatja meg a pert.<br \/>\n10. Felel\u0151ss\u00e9g kiz\u00e1r\u00e1sa<br \/>\nA Szolg\u00e1ltat\u00f3t jogszab\u00e1ly alapj\u00e1n szerz\u0151d\u00e9sk\u00f6t\u00e9si k\u00f6telezetts\u00e9g nem terheli. Szabadon d\u00f6nt a Felhaszn\u00e1l\u00f3 megrendel\u00e9s\u00e9nek elfogad\u00e1s\u00e1r\u00f3l vagy visszautas\u00edt\u00e1s\u00e1r\u00f3l. A Szolg\u00e1ltat\u00f3 kiz\u00e1rja felel\u0151ss\u00e9g\u00e9t az ebb\u0151l ered\u0151 k\u00e1rok\u00e9rt.<br \/>\nSzolg\u00e1ltat\u00f3 nem garant\u00e1lja, hogy a term\u00e9k megfelel a Felhaszn\u00e1l\u00f3 \u00e1ltal tervezett b\u00e1rmilyen felhaszn\u00e1l\u00e1si c\u00e9lra. A term\u00e9kek le\u00edr\u00e1s\u00e1ban \u00e9s \u00fatmutat\u00f3iban \u00edrtak ir\u00e1nyad\u00f3k a felhaszn\u00e1l\u00e1st illet\u0151en, de a konkr\u00e9t felhaszn\u00e1l\u00e1si k\u00f6r\u00fclm\u00e9nyekb\u0151l ad\u00f3d\u00f3 elt\u00e9r\u00e9sek miatt a Szolg\u00e1ltat\u00f3t nem terheli felel\u0151ss\u00e9g.<br \/>\nSzolg\u00e1ltat\u00f3 semmilyen felel\u0151ss\u00e9get nem v\u00e1llal olyan k\u00f6zvetlen \u00e9s k\u00f6zvetett k\u00e1rok\u00e9rt, amelyek a webhely rosszhiszem\u0171 felhaszn\u00e1l\u00e1s\u00e1b\u00f3l vagy az internetszolg\u00e1ltat\u00f3 el\u00e9rhetetlenn\u00e9 v\u00e1l\u00e1s\u00e1b\u00f3l erednek. Szolg\u00e1ltat\u00f3 nem vonhat\u00f3 felel\u0151ss\u00e9gre technikai zavarok\u00e9rt, p\u00e9ld\u00e1ul elektromos vagy sz\u00e1m\u00edt\u00f3g\u00e9pes h\u00e1l\u00f3zati kimarad\u00e1s\u00e9rt. Tekintettel arra, hogy az Internet ny\u00edlt, biztons\u00e1gosnak nem tekinthet\u0151 h\u00e1l\u00f3zat, az elektronikus form\u00e1ban tov\u00e1bb\u00edtott \u00fczenetek, megrendel\u00e9sek Szolg\u00e1ltat\u00f3n k\u00edv\u00fcl es\u0151 okb\u00f3l t\u00f6rt\u00e9n\u0151 megsemmis\u00fcl\u00e9se, k\u00e9sedelmes meg\u00e9rkez\u00e9se, egy\u00e9b hib\u00e1ja miatt be\u00e1ll\u00f3 k\u00e1rok tekintet\u00e9ben Szolg\u00e1ltat\u00f3t nem terheli felel\u0151ss\u00e9g.<br \/>\nSzolg\u00e1ltat\u00f3 a webhely felhaszn\u00e1l\u00e1s\u00e1nak lehet\u0151s\u00e9g\u00e9t b\u00e1rmikor, indokol\u00e1s n\u00e9lk\u00fcl megsz\u00fcntetheti az egyes Felhaszn\u00e1l\u00f3k sz\u00e1m\u00e1ra, vagy az \u00f6sszes Felhaszn\u00e1l\u00f3ra n\u00e9zve a webhely \u00fczemeltet\u00e9s\u00e9nek befejez\u00e9s\u00e9vel. Ez esetben a m\u00e1r \u00e9rv\u00e9nyesen leadott megrendel\u00e9seket \u00e9s a Felhaszn\u00e1l\u00f3 egy\u00e9b k\u00e9relmeit teljes\u00edti, m\u00e1s esetleges k\u00f6vetkezm\u00e9nyek\u00e9rt azonban nem felel.<br \/>\nA webhelyen megjelen\u00edtett term\u00e9kek \u00e9s szolg\u00e1ltat\u00e1sok k\u00e9pei elt\u00e9rhetnek a val\u00f3s\u00e1gost\u00f3l, bizonyos esetekben illusztr\u00e1ci\u00f3k\u00e9nt szerepelnek. Szolg\u00e1ltat\u00f3 nem felel\u0151s a term\u00e9kismertet\u0151k rajta k\u00edv\u00fcl \u00e1ll\u00f3 okok miatt, \u00edgy a gy\u00e1rt\u00f3 vagy a besz\u00e1ll\u00edt\u00f3 miatt sz\u00fcks\u00e9gess\u00e9 v\u00e1l\u00f3 el\u0151zetes bejelent\u00e9s n\u00e9lk\u00fcli esetleges v\u00e1ltoztat\u00e1s\u00e1b\u00f3l ad\u00f3d\u00f3 elt\u00e9r\u00e9sek\u00e9rt.<br \/>\nSzolg\u00e1ltat\u00f3 a Felhaszn\u00e1l\u00f3 \u00e1ltal t\u00e9vesen \u00e9s\/vagy pontatlanul megadott rendel\u00e9si adatokra visszavezethet\u0151 k\u00e9sedelem\u00e9rt, illetve egy\u00e9b probl\u00e9m\u00e1\u00e9rt, hib\u00e1\u00e9rt, az ezekb\u0151l ad\u00f3d\u00f3 k\u00e1rok\u00e9rt val\u00f3 felel\u0151ss\u00e9g\u00e9t kiz\u00e1rja.<br \/>\nA webhelyen tal\u00e1lhat\u00f3 k\u00fcls\u0151 hivatkoz\u00e1sok k\u00f6vet\u00e9s\u00e9vel let\u00f6lt\u00f6tt tartalom nem \u00e1ll Szolg\u00e1ltat\u00f3 befoly\u00e1sa alatt. Amennyiben azt az arra jogosult k\u00e9ri, a linket Szolg\u00e1ltat\u00f3 t\u00f6rli vagy m\u00f3dos\u00edtja. Az ilyen link haszn\u00e1lat\u00e1val megjelen\u00edtett vagy let\u00f6lt\u00f6tt tartalmakkal kapcsolatban Szolg\u00e1ltat\u00f3t semmilyen felel\u0151ss\u00e9g nem terheli.<br \/>\n11. Panaszkezel\u00e9s rendje (fogyaszt\u00f3nak min\u0151s\u00fcl\u0151 felhaszn\u00e1l\u00f3k eset\u00e9n)<br \/>\n11.1. Panasz<br \/>\nFelhaszn\u00e1l\u00f3 a Szolg\u00e1ltat\u00f3 szolg\u00e1ltat\u00e1s\u00e1ra, tagj\u00e1nak, alkalmazottj\u00e1nak vagy a Szolg\u00e1ltat\u00f3 \u00e9rdek\u00e9ben vagy jav\u00e1ra elj\u00e1r\u00f3 szem\u00e9lynek az \u00e1ru fogyaszt\u00f3k r\u00e9sz\u00e9re t\u00f6rt\u00e9n\u0151 forgalmaz\u00e1s\u00e1val, \u00e9rt\u00e9kes\u00edt\u00e9s\u00e9vel k\u00f6zvetlen kapcsolatban \u00e1ll\u00f3 magatart\u00e1s\u00e1ra, tev\u00e9kenys\u00e9g\u00e9re vagy mulaszt\u00e1s\u00e1ra, az \u00e1ru min\u0151s\u00e9g\u00e9re vonatkoz\u00f3 panasz\u00e1val lev\u00e9lben, telefonon \u00e9s elektronikus lev\u00e9lben fordulhat Szolg\u00e1ltat\u00f3hoz az al\u00e1bbi el\u00e9rhet\u0151s\u00e9geken:<\/p>\n<p>Sh\u00e1m\u00e1n S\u00f6r Kft.<br \/>\nC\u00edm: Magyarorsz\u00e1g, 4400 Ny\u00edregyh\u00e1za, \u00c1rv\u00e1cska u. 5.<br \/>\nTelefonsz\u00e1m: +36 30 647 2074<br \/>\nE-mail c\u00edm: shamansorkft@gmail.com<\/p>\n<p>Szolg\u00e1ltat\u00f3 a sz\u00f3beli panaszt azonnal megvizsg\u00e1lja, sz\u00fcks\u00e9g szerint azonnal orvosolja. Amennyiben ez nem lehets\u00e9ges, illetve a Felhaszn\u00e1l\u00f3 egyet nem \u00e9rt\u00e9se eset\u00e9n, valamint az \u00edr\u00e1sban beny\u00fajtott panaszt Szolg\u00e1ltat\u00f3 legk\u00e9s\u0151bb harminc napon bel\u00fcl \u00edr\u00e1sban megv\u00e1laszolja.<\/p>\n<p>B\u00e9k\u00e9ltet\u0151 test\u00fclethez fordul\u00e1s lehet\u0151s\u00e9ge<br \/>\nFelhaszn\u00e1l\u00f3 (fogyaszt\u00f3) a term\u00e9k min\u0151s\u00e9g\u00e9vel, biztons\u00e1goss\u00e1g\u00e1val, a term\u00e9kfelel\u0151ss\u00e9gi szab\u00e1lyok alkalmaz\u00e1s\u00e1val, a szolg\u00e1ltat\u00e1s min\u0151s\u00e9g\u00e9vel, tov\u00e1bb\u00e1 a felek k\u00f6z\u00f6tti szerz\u0151d\u00e9s megk\u00f6t\u00e9s\u00e9vel \u00e9s teljes\u00edt\u00e9s\u00e9vel kapcsolatban b\u00e9k\u00e9ltet\u0151 test\u00fclet d\u00edjmentes elj\u00e1r\u00e1s\u00e1t is k\u00e9rheti.<br \/>\nHa Fogyaszt\u00f3 magyarorsz\u00e1gi lak\u00f3hellyel vagy tart\u00f3zkod\u00e1si hellyel rendelkezik, akkor ezen lak\u00f3hely vagy tart\u00f3zkod\u00e1si hely szerinti megyei (f\u0151v\u00e1rosi) kereskedelmi \u00e9s iparkamar\u00e1k mellett m\u0171k\u00f6d\u0151 b\u00e9k\u00e9ltet\u0151 test\u00fclet illet\u00e9kes. A b\u00e9k\u00e9ltet\u0151 test\u00fcletek el\u00e9rhet\u0151s\u00e9gei megtal\u00e1lhat\u00f3ak a http:\/\/www.bekeltetes.hu\/index.php?id=testuletek oldalon.<\/p>\n<p>A fogyaszt\u00f3 erre ir\u00e1nyul\u00f3 k\u00e9relm\u00e9ben a fentiekt\u0151l elt\u00e9r\u0151, m\u00e1sik b\u00e9k\u00e9ltet\u0151 test\u00fcletet jel\u00f6lhet meg.<br \/>\nA Fogyaszt\u00f3 magyarorsz\u00e1gi lak\u00f3helye \u00e9s tart\u00f3zkod\u00e1si helye hi\u00e1ny\u00e1ban:<br \/>\nMagyarorsz\u00e1gon az online ad\u00e1sv\u00e9teli vagy szolg\u00e1ltat\u00e1si szerz\u0151d\u00e9sekhez kapcsol\u00f3d\u00f3 hat\u00e1ron \u00e1tny\u00fal\u00f3 fogyaszt\u00f3 \u00e9s keresked\u0151 k\u00f6z\u00f6tti jogvit\u00e1kban szint\u00e9n a Szolg\u00e1ltat\u00f3 sz\u00e9khelye szerinti B\u00e9k\u00e9ltet\u0151 Test\u00fclet jogosult elj\u00e1rni.<br \/>\nSzolg\u00e1ltat\u00f3t a b\u00e9k\u00e9ltet\u0151 test\u00fcleti elj\u00e1r\u00e1sban egy\u00fcttm\u0171k\u00f6d\u00e9si k\u00f6telezetts\u00e9g terheli.<br \/>\nA b\u00e9k\u00e9ltet\u0151 test\u00fclet a megyei (f\u0151v\u00e1rosi) kereskedelmi \u00e9s iparkamar\u00e1k mellett m\u0171k\u00f6d\u0151 f\u00fcggetlen test\u00fclet. Hat\u00e1sk\u00f6r\u00e9be tartozik a fent megjel\u00f6lt t\u00e9m\u00e1j\u00fa fogyaszt\u00f3i jogvit\u00e1k b\u00edr\u00f3s\u00e1gi elj\u00e1r\u00e1son k\u00edv\u00fcli rendez\u00e9se: e c\u00e9lb\u00f3l egyezs\u00e9g l\u00e9trehoz\u00e1s\u00e1nak megk\u00eds\u00e9rl\u00e9se, ennek eredm\u00e9nytelens\u00e9ge eset\u00e9n pedig az \u00fcgyben d\u00f6nt\u00e9s hozatala a fogyaszt\u00f3i jogok egyszer\u0171, gyors, hat\u00e9kony \u00e9s k\u00f6lts\u00e9gk\u00edm\u00e9l\u0151 \u00e9rv\u00e9nyes\u00edt\u00e9s\u00e9nek biztos\u00edt\u00e1sa \u00e9rdek\u00e9ben.<br \/>\nA b\u00e9k\u00e9ltet\u0151 test\u00fclet a fogyaszt\u00f3 vagy a v\u00e1llalkoz\u00e1s k\u00e9r\u00e9s\u00e9re tan\u00e1csot ad a fogyaszt\u00f3t megillet\u0151 jogokr\u00f3l \u00e9s k\u00f6telezetts\u00e9gekr\u0151l.<\/p>\n<p>Ha Felhaszn\u00e1l\u00f3 az Eur\u00f3pai Uni\u00f3ban \u00e9l, az interneten v\u00e1s\u00e1rolt term\u00e9kre, szolg\u00e1ltat\u00e1sra vonatkoz\u00f3 panasz\u00e1val kapcsolatban ig\u00e9nybe veheti az Eur\u00f3pai Bizotts\u00e1g al\u00e1bbi online vitarendez\u00e9si eszk\u00f6z\u00e9t.<br \/>\nAz Eur\u00f3pai Bizotts\u00e1g online vitarendez\u00e9si platformja<br \/>\nWebhely: https:\/\/webgate.ec.europa.eu\/odr<br \/>\nEzt az internetalap\u00fa platformot az EU azoknak a fogyaszt\u00f3knak hozta l\u00e9tre, akik panasszal k\u00edv\u00e1nnak \u00e9lni az \u00e1ltaluk online v\u00e1s\u00e1rolt term\u00e9kekkel vagy szolg\u00e1ltat\u00e1sokkal kapcsolatban, \u00e9s fel szeretn\u00e9nek k\u00e9rni egy semleges harmadik felet (vitarendez\u00e9si test\u00fcletet) a panasz kezel\u00e9s\u00e9re.<br \/>\nAz online vitarendez\u00e9si platformr\u00f3l \u00e9s haszn\u00e1lat\u00e1r\u00f3l, a vitarendez\u00e9s m\u00f3dj\u00e1r\u00f3l tov\u00e1bbi inform\u00e1ci\u00f3kat a fenti link haszn\u00e1lat\u00e1val el\u00e9rhet\u0151 webhelyen tal\u00e1l.<\/p>\n<p>Felhaszn\u00e1l\u00f3 az \u00e1ru min\u0151s\u00e9g\u00e9re vonatkoz\u00f3 panasz\u00e1val, Szolg\u00e1ltat\u00f3 (tagj\u00e1nak, alkalmazottj\u00e1nak) vagy az \u00e9rdek\u00e9ben vagy jav\u00e1ra elj\u00e1r\u00f3 szem\u00e9lynek a magatart\u00e1s\u00e1ra, tev\u00e9kenys\u00e9g\u00e9re vagy mulaszt\u00e1s\u00e1ra, a szolg\u00e1ltat\u00e1s min\u0151s\u00e9g\u00e9re, felel\u0151ss\u00e9gi szab\u00e1lyok alkalmaz\u00e1s\u00e1ra vonatkoz\u00f3 panasz\u00e1val a magyarorsz\u00e1gi lak\u00f3helye szerint illet\u00e9kes megyesz\u00e9khely szerinti j\u00e1r\u00e1si hivatalhoz, mint fogyaszt\u00f3v\u00e9delmi hat\u00f3s\u00e1ghoz fordulhat. A ter\u00fcletileg illet\u00e9kes j\u00e1r\u00e1si hivatalok el\u00e9rhet\u0151s\u00e9gei megtal\u00e1lhat\u00f3k a http:\/\/jarasinfo.gov.hu oldalon.<\/p>\n<p>Felhaszn\u00e1l\u00f3 panasz\u00e1val fordulhat a Szolg\u00e1ltat\u00f3 sz\u00e9khelye szerinti fogyaszt\u00f3v\u00e9delmi hat\u00f3s\u00e1ghoz is.<br \/>\nFel\u00fcgyelet<br \/>\nA kereskedelmi hat\u00f3s\u00e1g \u00e1ltal nyilv\u00e1ntart\u00e1sba vett tev\u00e9kenys\u00e9g nyilv\u00e1ntart\u00e1si sz\u00e1ma \u00e9s a hat\u00f3s\u00e1g megnevez\u00e9se:<br \/>\nB-18.545\/2022<br \/>\n1.3. Csomagolt k\u00e1v\u00e9, dobozos, illetve palackozott alkoholmentes- \u00e9s szeszes ital<\/p>\n<p>A hat\u00f3s\u00e1g el\u00e9rhet\u0151s\u00e9gei:<br \/>\nNy\u00edregyh\u00e1za Megyei Jog\u00fa V\u00e1ros Polg\u00e1rmester Hivatala, Hat\u00f3s\u00e1gi F\u0151oszt\u00e1ly, Igazgat\u00e1si Oszt\u00e1ly<br \/>\n4401 NY\u00cdREGYH\u00c1ZA, KOSSUTH T\u00c9R 1. PF.: 83.<br \/>\nTELEFON: +36 42 524-524\/183; FAX: +36 42 524-561<br \/>\nE-MAIL: IGAZGATAS@NYIREGYHAZA.HU<br \/>\nHIVATALI KAPU: NYIRHAZAIG<br \/>\nAdatkezel\u00e9ssel kapcsolatos fel\u00fcgyelet Felhaszn\u00e1l\u00f3 jog\u00e9rv\u00e9nyes\u00edt\u00e9si lehet\u0151s\u00e9geit a Polg\u00e1ri T\u00f6rv\u00e9nyk\u00f6nyvr\u0151l sz\u00f3l\u00f3 2013. \u00e9vi V. t\u00f6rv\u00e9ny \u00e9s a GDPR rendelet alapj\u00e1n b\u00edr\u00f3s\u00e1g el\u0151tt gyakorolhatja, valamint a Nemzeti Adatv\u00e9delmi \u00e9s Inform\u00e1ci\u00f3szabads\u00e1g Hat\u00f3s\u00e1ghoz fordulhat:<\/p>\n<p>Nemzeti Adatv\u00e9delmi \u00e9s Inform\u00e1ci\u00f3szabads\u00e1g Hat\u00f3s\u00e1g<br \/>\nC\u00edm: 1125 Budapest, Szil\u00e1gyi Erzs\u00e9bet fasor 22\/c.<br \/>\nPostac\u00edm: 1530 Budapest, Pf.: 5.<br \/>\nTelefon: +36 1 391 1400<br \/>\nFax: +36 1 391 1410<br \/>\nE-mail: ugyfelszolgalat@naih.hu<br \/>\nWebhely: http:\/\/www.naih.hu\/<\/p>\n<p>A b\u00edr\u00f3s\u00e1gi \u00fat v\u00e1laszt\u00e1sa eset\u00e9n a per &#8211; az \u00e9rintett Felhaszn\u00e1l\u00f3 v\u00e1laszt\u00e1sa szerint &#8211; az \u00e9rintett lak\u00f3helye vagy tart\u00f3zkod\u00e1si helye szerinti t\u00f6rv\u00e9nysz\u00e9k el\u0151tt is megind\u00edthat\u00f3, mivel a per elb\u00edr\u00e1l\u00e1sa a t\u00f6rv\u00e9nysz\u00e9k hat\u00e1sk\u00f6r\u00e9be tartozik.<\/p>\n<p>12. Adatv\u00e9delem<br \/>\nA Szolg\u00e1ltat\u00f3 \u00e1ltal folytatott adatkezel\u00e9sr\u0151l az &#8220;Adatkezel\u00e9si t\u00e1j\u00e9koztat\u00f3&#8221; c\u00edm\u0171 dokumentum ad t\u00e1j\u00e9koztat\u00e1st.<\/p>\n<p>Ny\u00edregyh\u00e1za, 2022.09.01<\/p>\n","protected":false},"excerpt":{"rendered":"<p>\u00c1LTAL\u00c1NOS SZERZ\u0150D\u00c9SI FELT\u00c9TELEK (\u00c1SZF) https:\/\/batcat.hu\/ hat\u00e1lyos ett\u0151l a napt\u00f3l: 2022.09.01 Let\u00f6lt\u00e9s K\u00e9rj\u00fck, hogy megrendel\u00e9se v\u00e9gleges\u00edt\u00e9se el\u0151tt figyelmesen olvassa el a jelen dokumentumot, mert megrendel\u00e9se v\u00e9gleges\u00edt\u00e9s\u00e9vel \u00d6n elfogadja a jelen \u00c1SZF tartalm\u00e1t! Az \u00c1ltal\u00e1nos Szolg\u00e1ltat\u00e1si Felt\u00e9telek (\u201e\u00c1SZF\u201d) tartalmazz\u00e1k a Sh\u00e1m\u00e1n S\u00f6r Korl\u00e1tolt Felel\u0151ss\u00e9g\u0171 T\u00e1rsas\u00e1g c\u00e9g (sz\u00e9khely: 4400 Ny\u00edregyh\u00e1za, \u00c1rv\u00e1cska u. 5., ad\u00f3sz\u00e1m: 28787114-2-15, r\u00f6vid n\u00e9v: Sh\u00e1m\u00e1n [&hellip;]<\/p>\n","protected":false},"author":1,"featured_media":0,"parent":0,"menu_order":0,"comment_status":"closed","ping_status":"closed","template":"","meta":{"footnotes":""},"class_list":["post-1059","page","type-page","status-publish","hentry"],"aioseo_notices":[],"_links":{"self":[{"href":"https:\/\/batcat.hu\/index.php?rest_route=\/wp\/v2\/pages\/1059","targetHints":{"allow":["GET"]}}],"collection":[{"href":"https:\/\/batcat.hu\/index.php?rest_route=\/wp\/v2\/pages"}],"about":[{"href":"https:\/\/batcat.hu\/index.php?rest_route=\/wp\/v2\/types\/page"}],"author":[{"embeddable":true,"href":"https:\/\/batcat.hu\/index.php?rest_route=\/wp\/v2\/users\/1"}],"replies":[{"embeddable":true,"href":"https:\/\/batcat.hu\/index.php?rest_route=%2Fwp%2Fv2%2Fcomments&post=1059"}],"version-history":[{"count":5,"href":"https:\/\/batcat.hu\/index.php?rest_route=\/wp\/v2\/pages\/1059\/revisions"}],"predecessor-version":[{"id":1068,"href":"https:\/\/batcat.hu\/index.php?rest_route=\/wp\/v2\/pages\/1059\/revisions\/1068"}],"wp:attachment":[{"href":"https:\/\/batcat.hu\/index.php?rest_route=%2Fwp%2Fv2%2Fmedia&parent=1059"}],"curies":[{"name":"wp","href":"https:\/\/api.w.org\/{rel}","templated":true}]}}