{"id":3,"date":"2021-03-29T17:13:06","date_gmt":"2021-03-29T17:13:06","guid":{"rendered":"http:\/\/192.168.0.200\/wordpress\/?page_id=3"},"modified":"2022-10-06T17:30:40","modified_gmt":"2022-10-06T17:30:40","slug":"adatkezelesi-tajekoztato","status":"publish","type":"page","link":"https:\/\/batcat.hu\/?page_id=3","title":{"rendered":"Adatv\u00e9delmi ir\u00e1nyelvek"},"content":{"rendered":"\n<h2 class=\"wp-block-heading\">Kik vagyunk<\/h2>\n\n\n\n<p>A weboldalunk c\u00edme: https:\/\/batcat.hu\/<\/p>\n\n\n\n<h2 class=\"wp-block-heading\">Melyek azok a szem\u00e9lyes adatok, amiket gy\u0171jt\u00fcnk \u00e9s milyen c\u00e9llal gy\u0171jtj\u00fck ezeket<\/h2>\n\n\n\n<h3 class=\"wp-block-heading\">Hozz\u00e1sz\u00f3l\u00e1sok<\/h3>\n\n\n\n<p>Hozz\u00e1sz\u00f3l\u00e1s bek\u00fcld\u00e9sekor a hozz\u00e1sz\u00f3l\u00e1si \u0171rlapban megadottakon k\u00edv\u00fcl begy\u0171jt\u00e9sre ker\u00fcl a hozz\u00e1sz\u00f3l\u00f3 IP c\u00edme \u00e9s a b\u00f6ng\u00e9sz\u0151azonos\u00edt\u00f3 karakterl\u00e1nc a k\u00e9retlen tartalmak kisz\u0171r\u00e9se c\u00e9lj\u00e1b\u00f3l.<\/p>\n\n\n\n<p>Egy szem\u00e9lytelen\u00edtett, az e-mail c\u00edmb\u0151l el\u0151\u00e1ll\u00edtott karakterl\u00e1nc (hashnek szok\u00e1s nevezni) ker\u00fcl tov\u00e1bb\u00edt\u00e1sra a Gravatar szolg\u00e1ltat\u00e1s fel\u00e9, ha ez az oldalon haszn\u00e1latban van. A Gravatar szolg\u00e1ltat\u00e1s felt\u00e9telei az al\u00e1bbi c\u00edmen tekinthet\u0151ek meg: https:\/\/automattic.com\/privacy\/. A hozz\u00e1sz\u00f3l\u00e1s elfogad\u00e1sa ut\u00e1n, a hozz\u00e1sz\u00f3l\u00e1sunk tartalma \u00e9s a profil k\u00e9p\u00fcnk is megjelenik nyilv\u00e1nosan.<\/p>\n\n\n\n<h3 class=\"wp-block-heading\">M\u00e9dia<\/h3>\n\n\n\n<p>Amennyiben regisztr\u00e1lt felhaszn\u00e1l\u00f3 \u00e1ltal ker\u00fcl k\u00e9p felt\u00f6lt\u00e9sre a honlapra, ker\u00fclni kell az az olyan EXIF-eket, amelyekben GPS poz\u00edci\u00f3 adatok is szerepelnek. A honlap l\u00e1togat\u00f3i ezeket let\u00f6lthetik \u00e9s kinyerhetik a helyadatokat a honlapon tal\u00e1lhat\u00f3 k\u00e9pekb\u0151l.<\/p>\n\n\n\n<h3 class=\"wp-block-heading\">Kapcsolatfelv\u00e9teli \u0171rlapok<\/h3>\n\n\n\n<p>Adatkezel\u00e9s c\u00e9lja: az \u00e9rdekl\u0151d\u0151 t\u00e1j\u00e9koztat\u00e1s\u00e1nak lehet\u0151s\u00e9ge<\/p>\n\n\n\n<p>Adatkezel\u00e9s jogalapja: az \u00e9rintett hozz\u00e1j\u00e1rul\u00e1sa<\/p>\n\n\n\n<p style=\"font-size:22px\"><strong>A kezelt adatok k\u00f6re:<\/strong><\/p>\n\n\n\n<p>Ahhoz v\u00e1s\u00e1rl\u00f3inkat kiszolg\u00e1ljuk sz\u00fcks\u00e9ges elk\u00e9rn\u00fcnk az al\u00e1bbi adatokat:<\/p>\n\n\n\n<ul class=\"wp-block-list\"><li>\u00e9rdekl\u0151d\u0151 neve<\/li><li>e-mail c\u00edm \u00e9s telefonsz\u00e1m<\/li><\/ul>\n\n\n\n<p>Az adatkezel\u00e9s id\u0151tartama:<\/p>\n\n\n\n<ul class=\"wp-block-list\"><li>amennyiben az \u00e9rdekl\u0151d\u0151 8 napon bel\u00fcl nem reag\u00e1l a t\u00e1j\u00e9koztat\u00f3ra vagy nem k\u00f6veti v\u00e1s\u00e1rl\u00e1s a t\u00e1j\u00e9koztat\u00e1st az \u00e9rdekl\u0151d\u0151 adatait v\u00e9glegesen t\u00f6r\u00f6lj\u00fck.<\/li><li>amennyiben az \u00e9rdekl\u0151d\u0151 a t\u00e1j\u00e9koztat\u00e1st k\u00f6vet\u0151en v\u00e1s\u00e1rol az \u00e1ruh\u00e1zban \u00e9s \u00fcgyfell\u00e9 v\u00e1lik, a tov\u00e1bbiakban a k\u00f6vetkez\u0151 pontban meghat\u00e1rozottak \u00e9rv\u00e9nyesek.<\/li><\/ul>\n\n\n\n<p class=\"has-black-color has-text-color\" style=\"font-size:24px\"><strong>V\u00e1s\u00e1rl\u00e1s a honlapon \/ v\u00e1s\u00e1rl\u00f3<\/strong><\/p>\n\n\n\n<p>Adatkezel\u00e9s c\u00e9lja: a web\u00e1ruh\u00e1zban t\u00f6rt\u00e9n\u0151 v\u00e1s\u00e1rl\u00e1sok megfelel\u0151 kiszolg\u00e1l\u00e1sa, a regisztr\u00e1ci\u00f3kor megadott adatait kiz\u00e1r\u00f3lag rendel\u00e9s\u00e9nek teljes\u00edt\u00e9s\u00e9hez \u00e9s az \u00d6n t\u00e1j\u00e9koztat\u00e1s\u00e1hoz haszn\u00e1ljuk fel.<\/p>\n\n\n\n<p>Adatkezel\u00e9s jogalapja: szerz\u0151d\u00e9ses k\u00f6telezetts\u00e9g teljes\u00edt\u00e9se, valamint jogszab\u00e1lyi el\u0151\u00edr\u00e1sok teljes\u00edt\u00e9se.<\/p>\n\n\n\n<p>A kezelt adatok k\u00f6re:<\/p>\n\n\n\n<p>Ahhoz v\u00e1s\u00e1rl\u00f3inkat kiszolg\u00e1ljuk sz\u00fcks\u00e9ges elk\u00e9rn\u00fcnk az al\u00e1bbi adatokat:<\/p>\n\n\n\n<ul class=\"wp-block-list\"><li>v\u00e1s\u00e1rl\u00f3 neve<\/li><li>v\u00e1s\u00e1rl\u00f3 sz\u00e1ll\u00edt\u00e1si \u00e9s sz\u00e1ml\u00e1z\u00e1si c\u00edme<\/li><li>e-mail c\u00edm \u00e9s telefonsz\u00e1m a kapcsolattart\u00e1shoz<\/li><\/ul>\n\n\n\n<p>Az adatkezel\u00e9s id\u0151tartama: ad\u00f3\u00fcgyi ellen\u0151rz\u00e9sek miatt a v\u00e1s\u00e1rl\u00e1st k\u00f6vet\u0151 5. \u00e9v.<\/p>\n\n\n\n<h3 class=\"wp-block-heading\">S\u00fctik<\/h3>\n\n\n\n<p>Ha hozz\u00e1sz\u00f3l\u00e1st \u00edrunk a honlapon, a megadott nevet, e-mail \u00e9s honlap c\u00edmet s\u00fctikben elt\u00e1roljuk. A t\u00e1rol\u00e1s a k\u00e9nyelmi c\u00e9lokat szolg\u00e1l az\u00e9rt, \u00edgy a k\u00f6vetkez\u0151 hozz\u00e1sz\u00f3l\u00e1skor ezeket a mez\u0151 adatokat nem kell kit\u00f6lteni. A s\u00fctik lej\u00e1rati ideje egy \u00e9v.<\/p>\n\n\n\n<p>Ha ell\u00e1togatunk a bejelentkez\u00e9si oldalra, akkor \u00e1tmeneti s\u00fctiket \u00e1ll\u00edtunk be annak \u00e9rdek\u00e9ben, hogy meg\u00e1llap\u00edtsuk, hogy a b\u00f6ng\u00e9sz\u0151 elfogadja-e a s\u00fctiket. Ezek a s\u00fctik nem tartalmaznak szem\u00e9lyes inform\u00e1ci\u00f3t, \u00e9s t\u00f6rl\u0151dnek, ahogy bez\u00e1rjuk a b\u00f6ng\u00e9sz\u0151t.<\/p>\n\n\n\n<p>A honlapra t\u00f6rt\u00e9n\u0151 bejelentkez\u00e9skor t\u00f6bb s\u00fctit hozunk l\u00e9tre, amely elmenti a bejelentkez\u00e9si inform\u00e1ci\u00f3t \u00e9s a szerkeszt\u0151fel\u00fclet megjelen\u00edt\u00e9si opci\u00f3it. A bejelentkez\u00e9si s\u00fctik k\u00e9t napig \u00e9rv\u00e9nyesek, a szerkeszt\u0151fel\u00fclet megjelen\u00edt\u00e9si opci\u00f3it t\u00e1rol\u00f3 s\u00fcti egy \u00e9vig. Amennyiben az  &#8220;Eml\u00e9kezz r\u00e1m&#8221; opci\u00f3t bejel\u00f6lj\u00fck, a bejelentkez\u00e9s k\u00e9t h\u00e9tig folytat\u00f3dik. Kijelentkez\u00e9skor a bejelentkez\u00e9si s\u00fctik elt\u00e1vol\u00edt\u00e1sra ker\u00fclnek.<\/p>\n\n\n\n<p>Amennyiben bejegyz\u00e9st vagy oldalt szerkeszt\u00fcnk, egy \u00fajabb s\u00fctit t\u00e1rol el a b\u00f6ng\u00e9sz\u0151nk. Ez a s\u00fcti nem tartalmaz szem\u00e9lyes adatot, egyszer\u0171en csak a bejegyz\u00e9s azonos\u00edt\u00f3 sz\u00e1m\u00e1t t\u00e1rolja, amelyet szerkesztett\u00fcnk. Egy nap m\u00falva j\u00e1r le az \u00e9rv\u00e9nyess\u00e9ge.<\/p>\n\n\n\n<h3 class=\"wp-block-heading\">M\u00e1s honlapokr\u00f3l sz\u00e1rmaz\u00f3 be\u00e1gyazott tartalmak<\/h3>\n\n\n\n<p>A honlapon el\u00e9rhet\u0151 bejegyz\u00e9sek k\u00fcls\u0151 forr\u00e1sb\u00f3l sz\u00e1rmaz\u00f3 be\u00e1gyazott tartalmakat (pl. vide\u00f3k, k\u00e9pek, cikkek stb.) haszn\u00e1lhatnak. A k\u00fcls\u0151 forr\u00e1sb\u00f3l sz\u00e1rmaz\u00f3 be\u00e1gyazott tartalmak pontosan \u00fagy viselkednek, mintha megl\u00e1togattunk volna egy m\u00e1sik honlapot.<\/p>\n\n\n\n<p>Ezek a webhelyek lehets\u00e9ges, hogy adatot gy\u0171jtenek a l\u00e1togat\u00f3kr\u00f3l, s\u00fctiket vagy harmadik f\u00e9lt\u0151l sz\u00e1rmaz\u00f3 k\u00f6vet\u0151k\u00f3dot haszn\u00e1lnak, figyelik a be\u00e1gyazott tartalommal kapcsolatos felhaszn\u00e1l\u00f3i viselked\u00e9st, ha rendelkez\u00fcnk felhaszn\u00e1l\u00f3i fi\u00f3kkal \u00e9s be vagyunk jelentkezve az oldalra.<\/p>\n\n\n\n<h3 class=\"wp-block-heading\">Analitika<\/h3>\n\n\n\n<h2 class=\"wp-block-heading\">Mennyi ideig \u0151rizz\u00fck a szem\u00e9lyes adatot<\/h2>\n\n\n\n<p>Ha hozz\u00e1sz\u00f3lunk, a hozz\u00e1sz\u00f3l\u00e1s \u00e9s annak metaadatai nem meghat\u00e1rozhat\u00f3 ideig a rendszerben maradnak. Ennek c\u00e9lja, hogy az \u00f6sszes ezt k\u00f6vet\u0151 b\u00e1rmely hozz\u00e1sz\u00f3l\u00e1s \u00e1ltalunk megismertt\u00e9 \u00e9s j\u00f3v\u00e1hagyott\u00e1 v\u00e1ljon, azaz ne ker\u00fclj\u00f6n fel a moder\u00e1land\u00f3 hozz\u00e1sz\u00f3l\u00e1sok list\u00e1j\u00e1ra.<\/p>\n\n\n\n<p>A honlapon regisztr\u00e1lt felhaszn\u00e1l\u00f3k (ha vannak ilyenek) szem\u00e9lyes adatai a saj\u00e1t felhaszn\u00e1l\u00f3i profiljukban is t\u00e1rol\u00e1sra ker\u00fclnek. Minden felhaszn\u00e1l\u00f3 megtekintheti, szerkesztheti vagy t\u00f6r\u00f6lheti a szem\u00e9lyes adatait b\u00e1rmikor (kiv\u00e9ve, hogy nem v\u00e1ltoztathatja meg a saj\u00e1t felhaszn\u00e1l\u00f3i nev\u00e9t). A honlap rendszergazd\u00e1i ezen inform\u00e1ci\u00f3kat szint\u00e9n megtekinthetik \u00e9s szerkeszthetik.<\/p>\n\n\n\n<h2 class=\"wp-block-heading\">Milyen jogokkal rendelkezik a felhaszn\u00e1l\u00f3 a saj\u00e1t adatai kapcs\u00e1n<\/h2>\n\n\n\n<p>A weboldalon regisztr\u00e1lt fi\u00f3k vagy hozz\u00e1sz\u00f3l\u00e1s \u00edr\u00e1sa eset\u00e9n k\u00e9rhet\u0151 a szem\u00e9lyes adatok export f\u00e1jlban t\u00f6rt\u00e9n\u0151 megk\u00fcld\u00e9se, amely b\u00e1rmilyen adatot tartalmaz, amit kor\u00e1bban a felhaszn\u00e1l\u00f3 rendelkez\u00e9s\u00fcnkre bocs\u00e1tott. K\u00e9rhet\u0151 tov\u00e1bb\u00e1, hogy b\u00e1rmilyen kor\u00e1bban megadott szem\u00e9lyes adatot t\u00f6r\u00f6lj\u00fck. Ez nem vonatkozik azokra az adatokra, amelyeket adminisztr\u00e1ci\u00f3s, jogi vagy biztons\u00e1gi okokb\u00f3l k\u00f6telez\u0151 meg\u0151rizn\u00fcnk.<\/p>\n\n\n\n<h2 class=\"wp-block-heading\">Hov\u00e1 tov\u00e1bb\u00edtjuk az adatokat<\/h2>\n\n\n\n<p>A l\u00e1togat\u00f3k \u00e1ltal bek\u00fcld\u00f6tt hozz\u00e1sz\u00f3l\u00e1sokat automatikus spamsz\u0171r\u0151 szolg\u00e1ltat\u00e1s ellen\u0151rizheti.<\/p>\n\n\n\n<p style=\"font-size:24px\"><strong>A t\u00e1j\u00e9koztat\u00e1s c\u00e9lja:<\/strong><\/p>\n\n\n\n<p>Jelen T\u00e1j\u00e9koztat\u00f3 c\u00e9lja, hogy jelenlegi \u00e9s leend\u0151 \u00fcgyfeleink megfelel\u0151 inform\u00e1ci\u00f3t kapjanak azzal kapcsolatban, hogy m\u0171k\u00f6d\u00e9s\u00fcnk sor\u00e1n mi\u00e9rt \u00e9s milyen adatokat kezel\u00fcnk, valamint hogy milyen jogok illetik meg \u0151ket. A t\u00e1j\u00e9koztat\u00f3 alapja a GDPR, azaz az Eur\u00f3pai Uni\u00f3 \u00c1ltal\u00e1nos Adatv\u00e9delmi Szab\u00e1lyoz\u00e1sa, valamint a hazai vonatkoz\u00f3 jogszab\u00e1lyok.<\/p>\n\n\n\n<p style=\"font-size:22px\"><strong>\u00dczemeltet\u0151:<\/strong><\/p>\n\n\n\n<p>C\u00e9gn\u00e9v: Sh\u00e1m\u00e1n S\u00f6r Kft.<\/p>\n\n\n\n<p>Sz\u00e9khely: 4400 Ny\u00edregyh\u00e1za, \u00c1rv\u00e1cska u. 5.<\/p>\n\n\n\n<p>C\u00e9gjegyz\u00e9ksz\u00e1m: 15-09-087791<\/p>\n\n\n\n<p>Ad\u00f3sz\u00e1m: 28787114-2-15<\/p>\n\n\n\n<p>\u00dcgyvezet\u0151 \u00e9s kapcsolattart\u00f3: Batta Zsanett<\/p>\n\n\n\n<p>El\u00e9rhet\u0151s\u00e9gek: shamansorkft@gmail.com<\/p>\n\n\n\n<p>Tel: +36-30-647-2074 (H-P: 08-17 \u00f3r\u00e1ig)<\/p>\n\n\n\n<p>T\u00e1rhely: Budapest<\/p>\n\n\n\n<p>Az adatkezel\u00e9s c\u00e9lja, jogalapja, a kezelt adatok k\u00f6re \u00e9s az adatkezel\u00e9s id\u0151tartama:<\/p>\n\n\n\n<p>Az adatkezel\u00e9s sor\u00e1n \u00e9rv\u00e9nyes\u00edtj\u00fck a c\u00e9lhoz k\u00f6t\u00f6tts\u00e9g, az adattakar\u00e9koss\u00e1g, a korl\u00e1tozott t\u00e1rolhat\u00f3s\u00e1g \u00e9s a GDPR \u00e1ltal meghat\u00e1rozott tov\u00e1bbi elveket. Adatot csak olyan m\u00e9rt\u00e9k \u00e9s m\u00f3don \u00e9s csak annyi ideig kezel\u00fcnk, am\u00edg az a c\u00e9l teljes\u00edt\u00e9s\u00e9hez sz\u00fcks\u00e9ges.<\/p>\n\n\n\n<p style=\"font-size:22px\"><strong>Az \u00e9rintett jogai:<\/strong><\/p>\n\n\n\n<p>Az adatkezel\u00e9sekkel kapcsolatban \u00d6n, amennyiben adatkezel\u00e9ssel \u00e9rintett, jogosult arra, hogy az adatkezel\u00e9ssel \u00f6sszef\u00fcgg\u0151 t\u00e9nyekr\u0151l \u00e9s inform\u00e1ci\u00f3kr\u00f3l az adatkezel\u00e9s megkezd\u00e9s\u00e9t megel\u0151z\u0151en t\u00e1j\u00e9koztat\u00e1st kapjon.<\/p>\n\n\n\n<p>Az \u00e9rintettnek hozz\u00e1f\u00e9r\u00e9si joga van a vele kapcsolatban a T\u00e1rsas\u00e1g \u00e1ltal kezelt adatokhoz. T\u00e1rsas\u00e1gunk minden egyes adatkezel\u00e9s sor\u00e1n jelzi, hogy mely szem\u00e9lyes adatainak kezel\u00e9se v\u00e1lik sz\u00fcks\u00e9gess\u00e9, \u00e9s a szem\u00e9lyes adatokhoz \u00e9s inform\u00e1ci\u00f3khoz hozz\u00e1f\u00e9r\u00e9s biztos\u00edt. \u00cdgy az \u00e9rintett jogosult megismerni, hogy<\/p>\n\n\n\n<ul class=\"wp-block-list\"><li>adatait milyen c\u00e9lb\u00f3l kezelj\u00fck,<\/li><li>az adatkezel\u00e9s mely adatait \u00e9rinti,<\/li><li>a szem\u00e9lyes adatait k\u00f6z\u00f6lt\u00fck vagy k\u00f6z\u00f6lni fogjuk-e m\u00e1sokkal is,<\/li><li>meddig tervezz\u00fck t\u00e1rolni az adatokat,<\/li><li>ha az adatokat nem az \u00e9rintett\u0151l gy\u0171jt\u00f6tt\u00fck, a forr\u00e1sukra vonatkoz\u00f3 minden el\u00e9rhet\u0151 inform\u00e1ci\u00f3t.<\/li><\/ul>\n\n\n\n<p>Az adat hozz\u00e1f\u00e9r\u00e9si jog\u00e1n k\u00edv\u00fcl az \u00e9rintett k\u00e9relmezheti a T\u00e1rsas\u00e1gt\u00f3l a r\u00e1 vonatkoz\u00f3 szem\u00e9lyes adatok<\/p>\n\n\n\n<ul class=\"wp-block-list\"><li>helyesb\u00edt\u00e9s\u00e9t,<\/li><li>t\u00f6rl\u00e9s\u00e9t,<\/li><li>kezel\u00e9s\u00e9nek korl\u00e1toz\u00e1s\u00e1t,<\/li><li>adatainak hordozhat\u00f3s\u00e1g\u00e1t,<\/li><li>tov\u00e1bb\u00e1 tiltakozhat a szem\u00e9lyes adatok kezel\u00e9se ellen.<\/li><\/ul>\n\n\n\n<p>Fenti adatkezel\u00e9st \u00e9rint\u0151 k\u00e9relmek teljes\u00edt\u00e9s\u00e9r\u0151l vagy esetleges megtagad\u00e1s\u00e1r\u00f3l a T\u00e1rsas\u00e1g \u00edr\u00e1sban (ha lehet e-mailben) t\u00e1j\u00e9koztatja az \u00e9rintettet, tov\u00e1bb az adatkezel\u00e9sben \u00e9rintett adatfeldolgoz\u00f3kat is.<\/p>\n\n\n\n<p>Felh\u00edvjuk figyelm\u00e9t, hogy az \u00e9rintett adatkezel\u00e9sre vonatkoz\u00f3 ig\u00e9nyeinek teljes\u00edt\u00e9se nem \u00e9rinti a hozz\u00e1j\u00e1rul\u00e1son alapul\u00f3, a visszavon\u00e1s el\u0151tti adatkezel\u00e9s jogszer\u0171s\u00e9g\u00e9t.<\/p>\n\n\n\n<p>Amennyiben olyan esem\u00e9ny k\u00f6vetkezne be, mely val\u00f3sz\u00edn\u0171s\u00edthet\u0151en magas kock\u00e1zattal j\u00e1r a term\u00e9szetes szem\u00e9lyek jogaira \u00e9s szabads\u00e1gaira n\u00e9zve, T\u00e1rsas\u00e1gunk indokolatlan k\u00e9sedelem n\u00e9lk\u00fcl t\u00e1j\u00e9koztatja az \u00e9rintettet az adatv\u00e9delmi incidensr\u0151l. Amennyiben sz\u00fcks\u00e9ges, T\u00e1rsas\u00e1gunk arr\u00f3l is t\u00e1j\u00e9koztatja az \u00e9rintettet, hogy hogyan tud v\u00e9dekezni a lehets\u00e9ges h\u00e1tr\u00e1nyos k\u00f6vetkezm\u00e9nyekkel szemben. Err\u0151l r\u00e9szletesen a GDPR 34. cikk\u00e9ben olvashat.<br>Adatv\u00e9delmi incidens egy\u00e9bk\u00e9nt a biztons\u00e1g olyan s\u00e9r\u00fcl\u00e9se, amely a tov\u00e1bb\u00edtott, t\u00e1rolt vagy m\u00e1s m\u00f3don kezelt szem\u00e9lyes adatok v\u00e9letlen vagy jogellenes megsemmis\u00edt\u00e9s\u00e9t, elveszt\u00e9s\u00e9t, megv\u00e1ltoztat\u00e1s\u00e1t, jogosulatlan k\u00f6zl\u00e9s\u00e9t vagy az azokhoz val\u00f3 jogosulatlan hozz\u00e1f\u00e9r\u00e9st eredm\u00e9nyezi.<br>T\u00e1rsas\u00e1gunk pedig minden, t\u0151le \u00e9sszer\u0171en elv\u00e1rhat\u00f3 szervez\u00e9si \u00e9s technikai int\u00e9zked\u00e9st megtesz annak \u00e9rdek\u00e9ben, hogy ilyen esem\u00e9ny ne k\u00f6vetkezzen be.<\/p>\n\n\n\n<p>T\u00e1j\u00e9koztatjuk, hogy az \u00e9rintettnek joga van kezelt adataival kapcsolatban panasz beny\u00fajt\u00e1s\u00e1ra.<\/p>\n\n\n\n<ol class=\"wp-block-list\"><li>Els\u0151 l\u00e9p\u00e9sk\u00e9nt T\u00e1rsas\u00e1gunkn\u00e1l \u2013 ha lehet \u00edr\u00e1sban &#8211; k\u00e9relmezheti jogainak \u00e9rv\u00e9nyes\u00edt\u00e9s\u00e9t.<\/li><li>Amennyiben \u00fagy \u00edt\u00e9li meg, hogy T\u00e1rsas\u00e1gunk nem jogszer\u0171en j\u00e1rt el megkeres\u00e9s\u00e9vel kapcsolatban, \u00edr\u00e1sban fordulhat a fel\u00fcgyeleti hat\u00f3s\u00e1g (NAIH) fele.<br>A NAIH el\u00e9rhet\u0151s\u00e9gei:<br>Nemzeti Adatv\u00e9delmi \u00e9s Inform\u00e1ci\u00f3szabads\u00e1g Hat\u00f3s\u00e1g<br>Posta c\u00edm: 1530 Budapest, Pf.: 5.<br>E-mail: ugyfelszolgalat@naih.hu<br>Honlap: https:\/\/naih.hu<\/li><li>Abban az esetben, ha az \u00e9rintett<\/li><\/ol>\n\n\n\n<ul class=\"wp-block-list\"><li>s\u00e9relmezi a hat\u00f3s\u00e1g jogilag k\u00f6telez\u0151 erej\u0171 d\u00f6nt\u00e9s\u00e9t vagy<\/li><li>a hat\u00f3s\u00e1g \u00e9rdemileg nem foglalkozik panasz\u00e1val vagy<\/li><li>a hat\u00f3s\u00e1gt\u00f3l h\u00e1rom h\u00f3napon bel\u00fcl nem kap t\u00e1j\u00e9koztat\u00e1st a panasz\u00e1val kapcsolatban,<br>akkor lehet\u0151s\u00e9ge van a ter\u00fcletileg illet\u00e9kes b\u00edr\u00f3s\u00e1ghoz fordulni jogorvoslat\u00e9rt. A jogorvoslati lehet\u0151s\u00e9geket r\u00e9szletesen a GDPR VIII. fejezete szab\u00e1lyozza.<\/li><\/ul>\n\n\n\n<p>Z\u00e1r\u00f3 rendelkez\u00e9sek:<\/p>\n\n\n\n<p>\u00dczemeltet\u0151 a T\u00e1j\u00e9koztat\u00f3 el\u0151zetes \u00e9rtes\u00edt\u00e9s n\u00e9lk\u00fcli, egyoldal\u00fa megv\u00e1ltoztat\u00e1s\u00e1nak a jog\u00e1t fenntartja. A m\u00f3dos\u00edt\u00e1s \u00e9letbe l\u00e9p\u00e9se el\u0151tt a v\u00e1ltoz\u00e1sokkal kapcsolatban a Honlapunkon k\u00f6zz\u00e9tessz\u00fck a m\u00f3dos\u00edtott Adatkezel\u00e9si T\u00e1j\u00e9koztat\u00f3t legk\u00e9s\u0151bb annak hat\u00e1lybal\u00e9p\u00e9se el\u0151tti \u00f6t\u00f6dik 5. napon<\/p>\n","protected":false},"excerpt":{"rendered":"<p>Kik vagyunk A weboldalunk c\u00edme: https:\/\/batcat.hu\/ Melyek azok a szem\u00e9lyes adatok, amiket gy\u0171jt\u00fcnk \u00e9s milyen c\u00e9llal gy\u0171jtj\u00fck ezeket Hozz\u00e1sz\u00f3l\u00e1sok Hozz\u00e1sz\u00f3l\u00e1s bek\u00fcld\u00e9sekor a hozz\u00e1sz\u00f3l\u00e1si \u0171rlapban megadottakon k\u00edv\u00fcl begy\u0171jt\u00e9sre ker\u00fcl a hozz\u00e1sz\u00f3l\u00f3 IP c\u00edme \u00e9s a b\u00f6ng\u00e9sz\u0151azonos\u00edt\u00f3 karakterl\u00e1nc a k\u00e9retlen tartalmak kisz\u0171r\u00e9se c\u00e9lj\u00e1b\u00f3l. Egy szem\u00e9lytelen\u00edtett, az e-mail c\u00edmb\u0151l el\u0151\u00e1ll\u00edtott karakterl\u00e1nc (hashnek szok\u00e1s nevezni) ker\u00fcl tov\u00e1bb\u00edt\u00e1sra a Gravatar [&hellip;]<\/p>\n","protected":false},"author":1,"featured_media":0,"parent":0,"menu_order":0,"comment_status":"closed","ping_status":"closed","template":"","meta":{"footnotes":""},"class_list":["post-3","page","type-page","status-publish","hentry"],"aioseo_notices":[],"_links":{"self":[{"href":"https:\/\/batcat.hu\/index.php?rest_route=\/wp\/v2\/pages\/3","targetHints":{"allow":["GET"]}}],"collection":[{"href":"https:\/\/batcat.hu\/index.php?rest_route=\/wp\/v2\/pages"}],"about":[{"href":"https:\/\/batcat.hu\/index.php?rest_route=\/wp\/v2\/types\/page"}],"author":[{"embeddable":true,"href":"https:\/\/batcat.hu\/index.php?rest_route=\/wp\/v2\/users\/1"}],"replies":[{"embeddable":true,"href":"https:\/\/batcat.hu\/index.php?rest_route=%2Fwp%2Fv2%2Fcomments&post=3"}],"version-history":[{"count":5,"href":"https:\/\/batcat.hu\/index.php?rest_route=\/wp\/v2\/pages\/3\/revisions"}],"predecessor-version":[{"id":1053,"href":"https:\/\/batcat.hu\/index.php?rest_route=\/wp\/v2\/pages\/3\/revisions\/1053"}],"wp:attachment":[{"href":"https:\/\/batcat.hu\/index.php?rest_route=%2Fwp%2Fv2%2Fmedia&parent=3"}],"curies":[{"name":"wp","href":"https:\/\/api.w.org\/{rel}","templated":true}]}}